{"id":2441,"date":"2026-03-12T15:55:09","date_gmt":"2026-03-12T14:55:09","guid":{"rendered":"https:\/\/www.smnf.fr\/?page_id=2441"},"modified":"2026-03-12T16:31:34","modified_gmt":"2026-03-12T15:31:34","slug":"programme-dactivites-1er-semestre-2026","status":"publish","type":"page","link":"https:\/\/www.smnf.fr\/index.php\/programme-dactivites-1er-semestre-2026\/","title":{"rendered":"Programme d&rsquo;activit\u00e9s 1er semestre 2026"},"content":{"rendered":"\n<div style=\"height:36px\" aria-hidden=\"true\" class=\"wp-block-spacer\"><\/div>\n\n\n\n<div class=\"wp-block-columns is-layout-flex wp-container-core-columns-is-layout-9d6595d7 wp-block-columns-is-layout-flex\">\n<div class=\"wp-block-column is-layout-flow wp-block-column-is-layout-flow\" style=\"flex-basis:10%\"><\/div>\n\n\n\n<div class=\"wp-block-column is-layout-flow wp-block-column-is-layout-flow\" style=\"flex-basis:80%\">\n<p style=\"font-size: 17px; text-align: justify;\"><em>Vous trouverez ci-dessous le programme d&rsquo;activit\u00e9s du 1er semestre 2026. Seules les sorties ouvertes au public sont mentionn\u00e9es avec le lieu et l&rsquo;heure de rendez-vous. <strong>Pour les adh\u00e9rents<\/strong> le <a href=\"https:\/\/www.smnf.fr\/index.php\/programme-1er-semestre-2026-adherents\/\" target=\"_blank\" rel=\"noopener\"><strong><span style=\"text-decoration: underline;\"><span style=\"color: #36fa05; text-decoration: underline;\"><span style=\"color: #29c702; text-decoration: underline;\">programme comple<\/span><\/span><\/span><\/strong><strong><span style=\"text-decoration: underline;\"><span style=\"color: #36fa05; text-decoration: underline;\"><span style=\"color: #29c702; text-decoration: underline;\">t<\/span><\/span><\/span><\/strong><\/a> est accessible par mot de passe . Si vous ne l&rsquo;avez pas vous pouvez le r\u00e9clamer aupr\u00e8s de<\/em> <strong><a href=\"mailto:contact2.smnf@gmail.com\"><span style=\"text-decoration: underline; color: #29c702;\">Jos\u00e9 Cambier<\/span><span style=\"text-decoration: underline;\">. <\/span><\/a><\/strong> <br \/><em>Toutefois, <strong>les personnes d\u00e9sirant d\u00e9couvrir en participant <\/strong>(places limit\u00e9es et selon possibilit\u00e9s)<strong> \u00e0 l&rsquo;une des sorties r\u00e9serv\u00e9es aux adh\u00e9rents peuvent en <\/strong><\/em><span style=\"text-decoration: underline;\"><strong><a href=\"mailto:contact2.smnf@gmail.com\" target=\"_blank\" rel=\"noreferrer noopener\" aria-label=\" (opens in a new tab)\"><span style=\"color: #29c702; text-decoration: underline;\">faire la demande<\/span><\/a><\/strong><\/span><em> ; il seront accueillis en tant qu&rsquo;invit\u00e9s par les guides de la sortie. <\/em><br \/><em>Pour participer aux activit\u00e9s de la SMNF, conf\u00e9rences, sorties (sauf celles ouvertes au public), travaux pratiques, s\u00e9ances de d\u00e9termination, travaux pratiques de microscopie, stages&#8230; vous devez <strong>\u00eatre \u00e0 jour de votre cotisation SMNF<\/strong>.<\/em> <br \/><em>Des modifications ou annulations de sorties programm\u00e9es peuvent intervenir (intemp\u00e9ries, indisponibilit\u00e9 du guide ou notifications tardives de journ\u00e9es de chasse), <strong>un message d&rsquo;alerte<\/strong> en page d&rsquo;accueil vous avertira si la sortie (surtout les sorties tardives) est maintenue, annul\u00e9e ou remplac\u00e9e.<\/em><\/p>\n<\/div>\n\n\n\n<div class=\"wp-block-column is-layout-flow wp-block-column-is-layout-flow\" style=\"flex-basis:10%\"><\/div>\n<\/div>\n\n\n\n<div class=\"wp-block-columns is-layout-flex wp-container-core-columns-is-layout-9d6595d7 wp-block-columns-is-layout-flex\">\n<div class=\"wp-block-column is-layout-flow wp-block-column-is-layout-flow\" style=\"flex-basis:10%\"><\/div>\n<\/div>\n\n\n\n<div style=\"height:18px\" aria-hidden=\"true\" class=\"wp-block-spacer\"><\/div>\n\n\n\n<div style=\"height:10px\" aria-hidden=\"true\" class=\"wp-block-spacer\"><\/div>\n\n\n\n<div style=\"height:36px\" aria-hidden=\"true\" class=\"wp-block-spacer\"><\/div>\n\n\n\n<div class=\"wp-block-columns is-layout-flex wp-container-core-columns-is-layout-9d6595d7 wp-block-columns-is-layout-flex\">\n<div class=\"wp-block-column is-layout-flow wp-block-column-is-layout-flow\" style=\"flex-basis:100%\">\n<p><span style=\"font-family: times new roman, times, serif; font-size: 14pt;\"><strong><span style=\"color: #800000;\">\u25ba<span style=\"font-size: 20px; font-family: helvetica, arial, sans-serif;\"><u>Samedi 28 mars 2026<\/u><\/span> &nbsp;&nbsp;&nbsp;&nbsp;&nbsp;&nbsp; <span style=\"font-size: 18pt;\">Assembl\u00e9e G\u00e9n\u00e9rale de la SMNF<br><\/span><\/span><\/strong><\/span><\/p>\n\n\n\n<p class=\"has-text-align-left\" style=\"text-align: center;\"><span style=\"font-size: 14pt; font-family: helvetica, arial, sans-serif;\"><strong>R.V. : \u00e0 partir de 14h30 \u00e0 la Maison de la vie associative, ferme de la Hulotte.<br>276 &#8211; 278 rue de Lille &#8211; 59270 Bailleul<br><\/strong><\/span>50.730992, 2.746384<\/p>\n\n\n\n<p style=\"padding-left: 240px;\"><span style=\"font-family: helvetica, arial, sans-serif;\"><strong>\u2022 15h00 : ASSEMBL\u00c9E G\u00c9N\u00c9RALE<br>&nbsp;&nbsp;&nbsp;&nbsp;&nbsp;&nbsp;&nbsp;&nbsp;&nbsp; \u2192<\/strong> Rapport moral par R\u00e9gis Courtecuisse (Pr\u00e9sident),<br>&nbsp;&nbsp;&nbsp;&nbsp;&nbsp;&nbsp;&nbsp;&nbsp;&nbsp; \u2192 Rapport d\u2019activit\u00e9s par Pascal Aleksandrowicz (Secr\u00e9taire),<br>&nbsp;&nbsp;&nbsp;&nbsp;&nbsp;&nbsp;&nbsp;&nbsp;&nbsp; \u2192 Rapport financier par Jean-Louis Lef\u00e8vre (Tr\u00e9sorier),<br>&nbsp;&nbsp;&nbsp;&nbsp;&nbsp;&nbsp;&nbsp;&nbsp;&nbsp; \u2192 D\u00e9lib\u00e9ration, questions diverses, projection,<br><strong>&nbsp; &nbsp; &nbsp; &nbsp; &nbsp; \u2192 <\/strong>Renouvellement d\u2019un tiers des membres du CA.<strong><br>\u2022 16h00 : Conf\u00e9rence \/ Pr\u00e9sentations<br>&nbsp;&nbsp;&nbsp;&nbsp;&nbsp;&nbsp;&nbsp;&nbsp;&nbsp; <\/strong>Pr\u00e9sentation des nouvelles fonctionnalit\u00e9s de l&rsquo;Atlas mycologique par Jean-Louis Lef\u00e8vre<br><strong>\u2022 17h00 : <\/strong>Conseil d&rsquo;administration<strong><br>\u2022 17h30 : <\/strong>Verre de l\u2019amiti\u00e9<strong><br>\u2022 19h00 : <\/strong>Repas pour ceux qui ont r\u00e9serv\u00e9.<\/span><\/p>\n<\/div>\n<\/div>\n\n\n\n<div class=\"wp-block-columns is-layout-flex wp-container-core-columns-is-layout-9d6595d7 wp-block-columns-is-layout-flex\">\n<div class=\"wp-block-column is-layout-flow wp-block-column-is-layout-flow\" style=\"flex-basis:70%\">\n<p><span style=\"font-family: times new roman, times, serif; font-size: 20px; color: #800000;\"><strong>\u25ba Samedi 11 avril 2026 : Santes (59) : <br>&nbsp; &nbsp; &nbsp; &nbsp; Ancien bassin de d\u00e9cantation (La G\u00eete)<br>&nbsp; &nbsp; &nbsp;<\/strong><\/span><strong><span style=\"font-family: helvetica, arial, sans-serif; font-size: 16px;\">En partenariat avec le PDENM.<\/span><\/strong><br><span style=\"font-family: helvetica, arial, sans-serif; font-size: 16px;\"><strong>&nbsp; &nbsp; R.V. : 14h00 &#8211; Guides<\/strong> : Pascal Aleksandrowicz, Jos\u00e9 Cambier, R\u00e9gis Courtecuisse, Daniel Wgeux<\/span>.<\/p>\n\n\n\n<p><span style=\"color: #800000;\"><strong><span style=\"font-family: times new roman, times, serif; font-size: 20px;\">\u25ba<span style=\"text-decoration: underline;\">Samedi 18 avril 2026<\/span> : <\/span><\/strong><\/span><\/p>\n<p style=\"padding-left: 40px;\"><strong><span style=\"font-family: times new roman, times, serif; font-size: 20px;\"><span style=\"font-family: helvetica, arial, sans-serif; font-size: 16px;\"><span style=\"font-family: times new roman, times, serif; font-size: 20px; color: #800000;\">1) Marchiennes (59) Tourbi\u00e8re de Marchiennes.<\/span><br><\/span><\/span><\/strong><span style=\"color: #800000;\"><span style=\"font-family: helvetica, arial, sans-serif; font-size: 16px;\"><span style=\"color: #000000;\">&nbsp; &nbsp; <strong>R.V. :<\/strong> <strong>9h30<\/strong> &#8211; <strong>Sortie&nbsp; en partenariat avec le CEN HdF<\/strong><\/span>.<strong><br><\/strong><\/span><\/span><span style=\"font-family: helvetica, arial, sans-serif; font-size: 16px;\"><span style=\"font-family: times new roman, times, serif; font-size: 20px; color: #800000;\"><strong>2) Abscons (59) Carri\u00e8re des plombs et des peupliers<\/strong><\/span><br><strong>&nbsp; R.V. : 14h00 &#8211; <\/strong><strong>Guides<\/strong> : Christophe Adamczak, R\u00e9gis Courtecuisse, Bernard Henne, G\u00e9rard M\u00e9lard.<br><br><\/span><\/p>\n\n\n\n<p><span style=\"color: #800000; font-family: times new roman, times, serif; font-size: 20px;\"><strong>\u25baSamedi 25 avril 2026<\/strong><\/span><\/p>\n<p style=\"padding-left: 40px;\"><span style=\"font-family: times new roman, times, serif; font-size: 20px; color: #800000;\"><strong>1) Roisin (Belgique) Caillou qui Bique.<\/strong><\/span><br><span style=\"font-family: helvetica, arial, sans-serif; font-size: 16px;\"><strong>R.V. :<\/strong> <strong>9h30<\/strong> &#8211; Repas tir\u00e9 du sac, ou r\u00e9servation \u00e0 votre initiative :<\/span><br><span style=\"font-family: helvetica, arial, sans-serif; font-size: 16px;\">&nbsp;&nbsp;&nbsp;&nbsp;&nbsp; <strong>Repas au Chalet des Etangs de Roisin vers 12h00<\/strong><\/span><br><span style=\"font-family: helvetica, arial, sans-serif; font-size: 16px;\"><strong>&nbsp;&nbsp;&nbsp;&nbsp; 16, rue du ch\u00e2teau de Roisin<\/strong><\/span><br><span style=\"font-family: helvetica, arial, sans-serif; font-size: 16px;\"><strong>&nbsp;&nbsp;&nbsp;&nbsp; 7387 Honnelles (B)<\/strong><\/span><\/p>\n<p style=\"padding-left: 40px;\"><span style=\"font-family: times new roman, times, serif; font-size: 20px; color: #800000;\"><strong>2) Gussignies (59) R\u00e9serve naturelle r\u00e9gionale du bois d\u2019Encade.<\/strong><\/span><br><span style=\"font-family: helvetica, arial, sans-serif; font-size: 16px;\"><strong>R.V. :&nbsp;14h30 &#8211; Guides<\/strong> : Christophe Adamczak, Pascal Aleksandrowicz, G\u00e9rard M\u00e9lard.<\/span>.<\/p>\n\n\n\n<p><span style=\"color: #800000;\"><strong><span style=\"font-family: times new roman, times, serif; font-size: 20px;\">\u25ba<span style=\"text-decoration: underline;\">Samedi 2 mai 2026<\/span> : <\/span><\/strong><\/span><\/p>\n<p style=\"padding-left: 40px;\"><span style=\"font-family: times new roman, times, serif; font-size: 20px; color: #800000;\"><strong>1)Tourbi\u00e8re deMarchiennes (59)&nbsp;<\/strong><\/span><span style=\"color: #800000;\"><strong><span style=\"font-family: times new roman, times, serif; font-size: 20px;\"><br><\/span><\/strong><\/span>&nbsp; &nbsp; <strong>R.V. :<\/strong> <strong>9h30<\/strong> &#8211; <span style=\"font-family: helvetica, arial, sans-serif; font-size: 16px;\"><strong>Sortie&nbsp; en partenariat avec le CEN HdF<\/strong>.<\/span><br><span style=\"font-family: helvetica, arial, sans-serif; font-size: 16px;\">&nbsp; &nbsp;<\/span><span style=\"font-family: helvetica, arial, sans-serif; font-size: 16px;\"><strong>Guides :<\/strong> Pascal Aleksandrowicz, Bernard Henne, G\u00e9rard M\u00e9lard.<br><span style=\"color: #800000; font-family: times new roman, times, serif; font-size: 20px;\"><strong>2) Estrun (59) Bassin Rond et environs du canal de la Sens\u00e9e.<\/strong><\/span><br><strong>&nbsp; R.V. : 14h00 &#8211; <\/strong><strong>Guides<\/strong> : Pascal Aleksandrowicz, R\u00e9gis Courtecuisse, Bernard Henne, G\u00e9rard M\u00e9lard.<\/span><\/p>\n\n\n\n<p><strong><span style=\"font-family: times new roman, times, serif; font-size: 14pt; color: #800000;\">\u25ba<span style=\"font-size: 20px;\"><u>Dimanche<\/u><\/span><span style=\"font-family: helvetica, arial, sans-serif; font-size: 20px;\"><span style=\"font-family: times new roman, times, serif;\"><u> 3 mai 2026<\/u>&nbsp;:&nbsp;<\/span><\/span><\/span><\/strong><strong><span style=\"font-family: times new roman, times, serif; color: #800000; font-size: 20px;\">IFSI Valenciennes (59) <br><\/span><\/strong><strong><span style=\"font-family: times new roman, times, serif; color: #800000; font-size: 20px;\">&nbsp;&nbsp;&nbsp; Stage de travaux pratiques de microscopie.<\/span><\/strong><\/p>\n<p style=\"padding-left: 40px;\"><span style=\"font-size: 16px;\"><strong><span style=\"font-family: helvetica, arial, sans-serif;\">1\u00e8re s\u00e9ance : <\/span><\/strong>Initiation : techniques de base en microscopie, utilisation des r\u00e9actifs et applications.<\/span><br><span style=\"font-family: helvetica, arial, sans-serif; font-size: 16px;\"><strong>R.V. : 9h30<\/strong>. ISFI de Valenciennes<\/span><br><span style=\"font-family: helvetica, arial, sans-serif; font-size: 16px;\">Apporter son microscope, ses r\u00e9actifs et sa documentation. Possibilit\u00e9 d\u2019emprunter un microscope parmi les 7 disponibles de la SMNF. <br>Pr\u00e9voir un repas froid. Fin du TP \u00e0 16h30.<\/span><br><span style=\"font-family: helvetica, arial, sans-serif; font-size: 16px;\"><strong>Animateur du TP :<\/strong> Bernard Henne, G\u00e9rard M\u00e9lard.<br><\/span><\/p>\n\n\n\n<p><span style=\"font-family: times new roman, times, serif; font-size: 20px; color: #800000;\"><strong>\u25ba<span style=\"text-decoration: underline;\">Dimanche 17 mai 2026<\/span> : Merlimont (62) : R\u00e9serve biologique domaniale.<br><\/strong><\/span><span style=\"font-family: times new roman, times, serif; font-size: 20px;\"><strong><span style=\"font-family: helvetica, arial, sans-serif; font-size: 16px;\">&nbsp; &nbsp; Sortie en partenariat avec l\u2019Office national des for\u00eats.<\/span><\/strong><\/span><span style=\"font-family: times new roman, times, serif; font-size: 20px; color: #800000;\"><strong><br><\/strong><\/span><span style=\"font-family: times new roman, times, serif; font-size: 20px;\"><span style=\"font-family: helvetica, arial, sans-serif; font-size: 16px;\"><strong>&nbsp; &nbsp; R.V. :&nbsp;10h00 &#8211; <\/strong><\/span><\/span><span style=\"font-family: times new roman, times, serif; font-size: 20px;\"><span style=\"font-family: helvetica, arial, sans-serif; font-size: 16px;\"><strong>Guides<\/strong> : Jean-Louis Lefevre, Jos\u00e9 Cambier, R\u00e9gis Courtecuisse, Johann Sacleux.<\/span><\/span><\/p>\n\n\n\n<p><span style=\"font-family: times new roman, times, serif; font-size: 20px; color: #800000;\"><strong>\u25ba<span style=\"text-decoration: underline;\">Samedi 30 mai 2026<\/span> :&nbsp;Cantin (59) Lac de Cantin. <br><\/strong><\/span><span style=\"font-family: helvetica, arial, sans-serif; font-size: 16px;\"><strong>&nbsp; &nbsp; Sortie en partenariat avec la Communaut\u00e9 d\u2019Agglom\u00e9ration du Douaisis, le CEN HdF et la SMF.<\/strong><br>&nbsp; &nbsp; <strong>R.V. :<\/strong> <strong>14h00<\/strong> &#8211; <strong>Guides<\/strong> : Bernard Henne, Christophe L\u00e9curu.<\/span><\/p>\n\n\n\n<p><strong><span style=\"font-family: helvetica, arial, sans-serif; font-size: 20px; color: #800000;\"><span style=\"font-family: times new roman, times, serif;\">\u25ba<span style=\"text-decoration: underline;\">Samedi 13<\/span><\/span><span style=\"text-decoration: underline;\"> juin 2026<\/span> : Marchiennes (59) Tourbi\u00e8re de Marchiennes.&nbsp;<br><\/span><\/strong><strong><span style=\"font-family: helvetica, arial, sans-serif; font-size: 16px;\">&nbsp; &nbsp; Sortie en partenariat avec le CEN HdF.<\/span><\/strong><br><span style=\"font-family: helvetica, arial, sans-serif; font-size: 16px;\">&nbsp; &nbsp; L\u2019objectif de cette sortie sera de r\u00e9colter des ascomyc\u00e8tes pour le TP du dimanche 14 juin.<\/span><br><span style=\"font-family: helvetica, arial, sans-serif; font-size: 16px;\"><strong>&nbsp; &nbsp; R.V. : 14h00 &#8211; <\/strong><\/span><span style=\"font-family: helvetica, arial, sans-serif; font-size: 16px;\"><strong>Guides<\/strong> : Pascal Aleksandrowicz, R\u00e9gis Courtecuisse, Bernard Henne, G\u00e9rard M\u00e9lard.<\/span><\/p>\n\n\n\n<p><strong><span style=\"font-family: times new roman, times, serif; font-size: 14pt; color: #800000;\">\u25ba<span style=\"font-size: 20px;\"><u>Dimanche<\/u><\/span><span style=\"font-family: helvetica, arial, sans-serif; font-size: 20px;\"><span style=\"font-family: times new roman, times, serif;\"><u> 14 juin 2026<\/u>&nbsp;:&nbsp;<\/span><\/span><\/span><\/strong><strong><span style=\"font-family: times new roman, times, serif; color: #800000; font-size: 20px;\">IFSI Valenciennes (59) <br><\/span><\/strong><strong><span style=\"font-family: times new roman, times, serif; color: #800000; font-size: 20px;\">&nbsp;&nbsp;&nbsp; Stage de travaux pratiques de microscopie.&nbsp;<br><\/span><\/strong><span style=\"font-size: 16px;\"><strong><span style=\"font-family: helvetica, arial, sans-serif;\">&nbsp; &nbsp; &nbsp; &nbsp; 2\u00e8me s\u00e9ance : <\/span><\/strong><\/span><span style=\"font-family: helvetica, arial, sans-serif; font-size: 16px;\">\u00c9tude des ascomyc\u00e8tes.<br>&nbsp; &nbsp; &nbsp; &nbsp; <strong>R.V.<\/strong> : 9h30. IFSI de Valenciennes.<br>&nbsp; &nbsp; &nbsp; &nbsp; Apporter son microscope, ses r\u00e9actifs et sa documentation. Possibilit\u00e9 d\u2019emprunter un microscope parmi les 7 disponibles de la SMNF. Pr\u00e9voir un repas froid. Fin du TP \u00e0 16h30.<br>&nbsp; &nbsp; &nbsp; &nbsp; <strong>Animateur du TP<\/strong> : L\u2019organisation sera pr\u00e9cis\u00e9e quelques semaines avant.<br><\/span><\/p>\n<\/div>\n\n\n\n<div class=\"wp-block-column is-layout-flow wp-block-column-is-layout-flow\" style=\"flex-basis:30%\">\n<div style=\"height:336px\" aria-hidden=\"true\" class=\"wp-block-spacer\"><\/div>\n\n\n\n<figure data-wp-context=\"{&quot;imageId&quot;:&quot;69f0c0edeb4e3&quot;}\" data-wp-interactive=\"core\/image\" data-wp-key=\"69f0c0edeb4e3\" class=\"wp-block-image size-full wp-lightbox-container\"><img loading=\"lazy\" decoding=\"async\" width=\"766\" height=\"1024\" data-wp-class--hide=\"state.isContentHidden\" data-wp-class--show=\"state.isContentVisible\" data-wp-init=\"callbacks.setButtonStyles\" data-wp-on--click=\"actions.showLightbox\" data-wp-on--load=\"callbacks.setButtonStyles\" data-wp-on-window--resize=\"callbacks.setButtonStyles\" src=\"https:\/\/www.smnf.fr\/wp-content\/uploads\/2026\/03\/Amanita-pantherina.jpg\" alt=\"\" class=\"wp-image-6006\" srcset=\"https:\/\/www.smnf.fr\/wp-content\/uploads\/2026\/03\/Amanita-pantherina.jpg 766w, https:\/\/www.smnf.fr\/wp-content\/uploads\/2026\/03\/Amanita-pantherina-224x300.jpg 224w\" sizes=\"auto, (max-width: 766px) 100vw, 766px\" \/><button\n\t\t\tclass=\"lightbox-trigger\"\n\t\t\ttype=\"button\"\n\t\t\taria-haspopup=\"dialog\"\n\t\t\taria-label=\"Agrandir\"\n\t\t\tdata-wp-init=\"callbacks.initTriggerButton\"\n\t\t\tdata-wp-on--click=\"actions.showLightbox\"\n\t\t\tdata-wp-style--right=\"state.imageButtonRight\"\n\t\t\tdata-wp-style--top=\"state.imageButtonTop\"\n\t\t>\n\t\t\t<svg xmlns=\"http:\/\/www.w3.org\/2000\/svg\" width=\"12\" height=\"12\" fill=\"none\" viewBox=\"0 0 12 12\">\n\t\t\t\t<path fill=\"#fff\" d=\"M2 0a2 2 0 0 0-2 2v2h1.5V2a.5.5 0 0 1 .5-.5h2V0H2Zm2 10.5H2a.5.5 0 0 1-.5-.5V8H0v2a2 2 0 0 0 2 2h2v-1.5ZM8 12v-1.5h2a.5.5 0 0 0 .5-.5V8H12v2a2 2 0 0 1-2 2H8Zm2-12a2 2 0 0 1 2 2v2h-1.5V2a.5.5 0 0 0-.5-.5H8V0h2Z\" \/>\n\t\t\t<\/svg>\n\t\t<\/button><figcaption class=\"wp-element-caption\"><em>Amanita pantherina<\/em> \/ Amanite panth\u00e8re &#8211; Desvres 21\/09\/2026<\/figcaption><\/figure>\n\n\n\n\n\n<div style=\"height:734px\" aria-hidden=\"true\" class=\"wp-block-spacer\"><\/div>\n\n\n\n\n\n<figure data-wp-context=\"{&quot;imageId&quot;:&quot;69f0c0edeb9ce&quot;}\" data-wp-interactive=\"core\/image\" data-wp-key=\"69f0c0edeb9ce\" class=\"wp-block-image size-full wp-lightbox-container\"><img loading=\"lazy\" decoding=\"async\" width=\"2560\" height=\"1920\" data-wp-class--hide=\"state.isContentHidden\" data-wp-class--show=\"state.isContentVisible\" data-wp-init=\"callbacks.setButtonStyles\" data-wp-on--click=\"actions.showLightbox\" data-wp-on--load=\"callbacks.setButtonStyles\" data-wp-on-window--resize=\"callbacks.setButtonStyles\" src=\"https:\/\/www.smnf.fr\/wp-content\/uploads\/2026\/03\/Lentinus-tigrinus-tourbiere-de-Marchiennes-09-2024-scaled.jpg\" alt=\"\" class=\"wp-image-6010\" srcset=\"https:\/\/www.smnf.fr\/wp-content\/uploads\/2026\/03\/Lentinus-tigrinus-tourbiere-de-Marchiennes-09-2024-scaled.jpg 2560w, https:\/\/www.smnf.fr\/wp-content\/uploads\/2026\/03\/Lentinus-tigrinus-tourbiere-de-Marchiennes-09-2024-300x225.jpg 300w, https:\/\/www.smnf.fr\/wp-content\/uploads\/2026\/03\/Lentinus-tigrinus-tourbiere-de-Marchiennes-09-2024-1024x768.jpg 1024w, https:\/\/www.smnf.fr\/wp-content\/uploads\/2026\/03\/Lentinus-tigrinus-tourbiere-de-Marchiennes-09-2024-768x576.jpg 768w, https:\/\/www.smnf.fr\/wp-content\/uploads\/2026\/03\/Lentinus-tigrinus-tourbiere-de-Marchiennes-09-2024-1536x1152.jpg 1536w, https:\/\/www.smnf.fr\/wp-content\/uploads\/2026\/03\/Lentinus-tigrinus-tourbiere-de-Marchiennes-09-2024-2048x1536.jpg 2048w, https:\/\/www.smnf.fr\/wp-content\/uploads\/2026\/03\/Lentinus-tigrinus-tourbiere-de-Marchiennes-09-2024-480x360.jpg 480w\" sizes=\"auto, (max-width: 2560px) 100vw, 2560px\" \/><button\n\t\t\tclass=\"lightbox-trigger\"\n\t\t\ttype=\"button\"\n\t\t\taria-haspopup=\"dialog\"\n\t\t\taria-label=\"Agrandir\"\n\t\t\tdata-wp-init=\"callbacks.initTriggerButton\"\n\t\t\tdata-wp-on--click=\"actions.showLightbox\"\n\t\t\tdata-wp-style--right=\"state.imageButtonRight\"\n\t\t\tdata-wp-style--top=\"state.imageButtonTop\"\n\t\t>\n\t\t\t<svg xmlns=\"http:\/\/www.w3.org\/2000\/svg\" width=\"12\" height=\"12\" fill=\"none\" viewBox=\"0 0 12 12\">\n\t\t\t\t<path fill=\"#fff\" d=\"M2 0a2 2 0 0 0-2 2v2h1.5V2a.5.5 0 0 1 .5-.5h2V0H2Zm2 10.5H2a.5.5 0 0 1-.5-.5V8H0v2a2 2 0 0 0 2 2h2v-1.5ZM8 12v-1.5h2a.5.5 0 0 0 .5-.5V8H12v2a2 2 0 0 1-2 2H8Zm2-12a2 2 0 0 1 2 2v2h-1.5V2a.5.5 0 0 0-.5-.5H8V0h2Z\" \/>\n\t\t\t<\/svg>\n\t\t<\/button><figcaption class=\"wp-element-caption\"><em>Lentinus tigrinus<\/em>, Lentin tigr\u00e9 &#8211; Tourbi\u00e8re de Marchiennes<br><\/figcaption><\/figure>\n\n\n<\/div>\n<\/div>\n\n\n\n<div class=\"wp-block-columns is-layout-flex wp-container-core-columns-is-layout-9d6595d7 wp-block-columns-is-layout-flex\">\n<div class=\"wp-block-column is-layout-flow wp-block-column-is-layout-flow\" style=\"flex-basis:80%\">\n<p><span style=\"color: #800000;\"><strong><u><span style=\"font-size: 16px; font-family: times new roman, times, serif;\"><span style=\"font-family: helvetica, arial, sans-serif; font-size: 20px;\">\u25ba<span style=\"font-family: times new roman, times, serif;\">Dimanche 28 juin 2026<\/span><\/span><\/span><\/u><span style=\"font-family: times new roman, times, serif; font-size: 20px; color: #800000;\"> :<\/span><span style=\"font-family: times new roman, times, serif; font-size: 20px; color: #800000;\">&nbsp;<\/span><span style=\"font-family: times new roman, times, serif; font-size: 20px;\">Liessies (59) : Parc d\u00e9partemental de l\u2019Abbaye&nbsp;<br><\/span><\/strong><\/span><span style=\"font-family: helvetica, arial, sans-serif; font-size: 16px;\">&nbsp; &nbsp; &nbsp; &nbsp; <strong>R.V. :<\/strong> <strong>10h00<\/strong> &#8211; <\/span><span style=\"font-family: helvetica, arial, sans-serif; font-size: 16px;\"><strong>Guides<\/strong> : Alain Monier, Jacky Triquet<\/span><\/p>\n<\/div>\n\n\n\n<div class=\"wp-block-column is-layout-flow wp-block-column-is-layout-flow\" style=\"flex-basis:20%\">\n\n\n<div style=\"height:90px\" aria-hidden=\"true\" class=\"wp-block-spacer\"><\/div>\n<\/div>\n<\/div>\n\n\n\n<div class=\"wp-block-columns is-layout-flex wp-container-core-columns-is-layout-9d6595d7 wp-block-columns-is-layout-flex\">\n<div class=\"wp-block-column is-layout-flow wp-block-column-is-layout-flow\" style=\"flex-basis:90%\">\n<p><strong><span style=\"color: #800000;\"><span style=\"font-family: times new roman, times, serif; font-size: 14pt;\">\u25ba<span style=\"font-size: 20px;\"><u>Samedi 29 ao\u00fbt 2026<\/u> :&nbsp;<\/span><\/span><\/span><\/strong><strong><span style=\"color: #800000; font-family: times new roman, times, serif; font-size: 20px;\">Marchiennes (59) For\u00eat domaniale.<\/span><\/strong><\/p>\n<p style=\"padding-left: 40px;\"><span style=\"font-family: helvetica, arial, sans-serif; font-size: 16px;\"><span style=\"background-color: #ffcc99;\"><strong>Sortie ouverte au public<\/strong>,<\/span> commune avec le Pleurote Sinois. <\/span><br><span style=\"font-family: helvetica, arial, sans-serif; font-size: 16px;\"><strong>R.V. :<\/strong> <strong>14h00.<\/strong> Parking de l\u2019auberge de la Croix ou Pile, rue du Bon Ballon (N 50\u00b0 26\u2019 12.4\u2019\u2019 E 003\u00b0 17\u2019 41.2\u2019\u2019)<\/span><br><span style=\"font-family: helvetica, arial, sans-serif; font-size: 16px;\"><strong>Guides : <\/strong>Christophe Adamczak<strong>, <\/strong>Pascal.Aleksandrowicz, Bernard Henne, G\u00e9rard M\u00e9lard.<\/span><\/p>\n\n\n\n<p><span style=\"font-family: times new roman, times, serif; font-size: 20px; color: #800000;\"><strong>\u25ba<u>Dimanche 30 ao\u00fbt 2026<\/u>&nbsp;: <\/strong><\/span><strong><span style=\"font-family: times new roman, times, serif; font-size: 20px; color: #800000;\">Hardelot (62) For\u00eat domaniale d\u2019Hardelot.<\/span> <\/strong><\/p>\n<p style=\"padding-left: 40px;\"><span style=\"font-family: helvetica, arial, sans-serif; font-size: 16px;\"><strong><span style=\"background-color: #ffcc99;\">Sortie ouverte au public.<\/span><br>R.V. : 10h00<\/strong>. Parking Chemin du milieu, 2<sup>\u00e8me<\/sup> chemin \u00e0 droite dans la for\u00eat d\u2019Hardelot en venant de Condette sur la D940 (N 50\u00b0 38\u201927.3\u2019\u2019 E 001\u00b0 38\u201930.4\u2019\u2019).<\/span><br><span style=\"font-family: helvetica, arial, sans-serif; font-size: 16px;\"><strong>Guides : <\/strong>Jos\u00e9 Cambier<strong>, <\/strong>R\u00e9gis Courtecuisse, Jean-Louis Lef\u00e8vre, Johann Sacleux<\/span><\/p>\n\n\n<\/div>\n\n\n\n<div class=\"wp-block-column is-layout-flow wp-block-column-is-layout-flow\" style=\"flex-basis:10%\"><\/div>\n<\/div>\n\n\n\n<div class=\"wp-block-columns is-layout-flex wp-container-core-columns-is-layout-9d6595d7 wp-block-columns-is-layout-flex\">\n<div class=\"wp-block-column is-layout-flow wp-block-column-is-layout-flow\" style=\"flex-basis:10%\"><\/div>\n\n\n\n<div class=\"wp-block-column is-layout-flow wp-block-column-is-layout-flow\" style=\"flex-basis:80%\">\n\n\n<div style=\"height:60px\" aria-hidden=\"true\" class=\"wp-block-spacer\"><\/div>\n\n\n\n<p class=\"has-text-align-center has-fit-text has-black-color has-text-color has-background has-link-color\" style=\"background-color: #c4f3b3;\"><span style=\"font-family: helvetica, arial, sans-serif; font-size: 20px;\"><strong>Session SMNF : <span style=\"color: #800000;\">Les champignons des Terrils<\/span><\/strong><\/span><br><span style=\"font-family: helvetica, arial, sans-serif; font-size: 20px;\"><strong>Du jeudi 19 au lundi 23 novembre 2026<\/strong><\/span><br><span style=\"font-family: helvetica, arial, sans-serif; font-size: 20px;\">-oo0oo-<\/span><br><span style=\"font-family: helvetica, arial, sans-serif; font-size: 16px;\">Des pr\u00e9cisions seront apport\u00e9es sur le d\u00e9roulement de ce stage sur le site de la SMNF <\/span><br><span style=\"font-family: helvetica, arial, sans-serif; font-size: 16px;\">dans le courant du 2<sup>\u00e8me<\/sup> semestre 2026&nbsp;: https:\/\/www.smnf.fr\/<\/span><\/p>\n<\/div>\n\n\n\n<div class=\"wp-block-column is-layout-flow wp-block-column-is-layout-flow\" style=\"flex-basis:10%\"><\/div>\n<\/div>\n\n\n\n<div style=\"height:10px\" aria-hidden=\"true\" class=\"wp-block-spacer\"><\/div>\n\n\n\n<p class=\"has-text-align-center\"><strong>\u00c0 toutes et \u00e0 tous, bonne saison mycologique 202<\/strong>6 Programme des activit\u00e9s \u00e9labor\u00e9 par :<br>Pascal Aleksandrowicz, Jos\u00e9 Cambier, Bernard Henne,<br>Didier Huart, G\u00e9rard M\u00e9lard, Alain Monier, Christophe L\u00e9curu.<\/p>\n\n\n\n<p class=\"has-text-align-center\"><\/p>\n\n\n\n<div style=\"height:63px\" aria-hidden=\"true\" class=\"wp-block-spacer\"><\/div>\n\n\n\n<div style=\"height:20px\" aria-hidden=\"true\" class=\"wp-block-spacer\"><\/div>\n\n\n\n<p><strong><u> Quelques rappels <\/u> :<\/strong><\/p>\n<p><strong>1) <\/strong>Les participants s\u2019engagent \u00e0 respecter les consignes des guides b\u00e9n\u00e9voles quant \u00e0 la protection des sites et des esp\u00e8ces. <br \/><strong> 2)<\/strong> A l&rsquo;exception des organisateurs aucune modification de programme n\u2019est possible. <br \/><strong> 3)<\/strong> Le lieu de rendez-vous n\u2019est pas toujours celui du lieu de prospection. <br \/><strong> 4)<\/strong> Lors des sorties, organisez vos d\u00e9placements en privil\u00e9giant le covoiturage, les places de parking \u00e9tant souvent limit\u00e9s. Si un convoi de voitures est form\u00e9, attendre la voiture qui suit et faire des appels de phares \u00e0 la voiture qui pr\u00e9c\u00e8de afin qu\u2019elle s\u2019arr\u00eate. <br \/><strong> 5)<\/strong> Les rendez-vous du samedi sont g\u00e9n\u00e9ralement fix\u00e9s \u00e0 14h00, ceux du dimanche \u00e0 10h00. (N\u00e9anmoins il existe quelques exceptions). <br \/><strong> 6) <\/strong>Les sorties du dimanche durent toute la journ\u00e9e, pr\u00e9voir le repas de midi. Le site prospect\u00e9 l\u2019apr\u00e8s-midi pouvant \u00eatre diff\u00e9rent et choisi en fonction des opportunit\u00e9s du moment, il n\u2019est pas toujours possible de fixer un rendez-vous pour l\u2019apr\u00e8s-midi (Ici encore il existe quelques exceptions). <br \/><strong>7)<\/strong> Il est demand\u00e9 aux responsables des sorties de dresser la liste des esp\u00e8ces recens\u00e9es. Depuis 2018 ces listes doivent \u00eatre import\u00e9es dans la base de donn\u00e9es r\u00e9gionale (Atlas Mycologique des Hauts-de-France : smnf-db.fr) de pr\u00e9f\u00e9rence par les auteurs de ces listes (guides de sorties). S&rsquo;ils ne peuvent le faire, quelle qu\u2019en soit la raison, ils les transmettront \u00e0 <strong>Jean-Louis Lef\u00e8vre<\/strong>. Pour vous aider \u00e0 la r\u00e9alisation de ces listes Jean-Louis tiens \u00e0 votre disposition un fichier (excel ou OpenOffice) permettant de rassembler les diverses informations observ\u00e9es sur le terrain. <br \/><strong> 8) La SMNF ne saurait \u00eatre rendue responsable des accidents qui surviendraient aux participants lors des sorties et autres manifestations organis\u00e9es.<\/strong><\/p>\n<p><strong>Nos partenaires : CERP\u00a0<\/strong>: Coop\u00e9rative d\u2019exploitation et de r\u00e9partition pharmaceutiques \/ <strong> CEN <\/strong>: Conservatoire d\u2019espaces naturels du Nord\u00a0\/\u00a0Pas-de-Calais \/ <strong>EDEN 62\u00a0<\/strong>Espaces DEpartementaux Naturels du Pas-de-Calais \/\u00a0Facult\u00e9 des Sciences Pharmaceutiques et Biologiques de Lille<strong> \/ GDEAM <\/strong>: Groupement des associations pour la d\u00e9fense de l&rsquo;environnement de l&rsquo;arrondissement de Montreuil \/ <strong>GNT <\/strong>: Groupe des naturalistes du Ternois \/ <strong>MJC<\/strong> de Saint-Saulve\u00a0: Maison de la Jeunesse et de la Culture \/ <strong>ONF <\/strong>: Office National des For\u00eats \/ <strong>PDENM <\/strong>: Parc de la De\u00fble (Espace Naturel M\u00e9tropolitain) \/ <strong>PNRA <\/strong>: Parc naturel r\u00e9gional de l\u2019Avesnois \/<strong> PNRCMO <\/strong>: Parc naturel r\u00e9gional des Caps et Marais d&rsquo;Opale \/<strong> PNRSE <\/strong>: Parc naturel r\u00e9gional Scarpe-Escaut \/<strong> PS\u00a0<\/strong>: Pleurote Sinois \/ <strong>SIBLA <\/strong>: Syndicat intercommunal de Bruay-la-Buissi\u00e8re \/ <strong>SLNP<\/strong>\u00a0: Soci\u00e9t\u00e9 Linn\u00e9enne du Nord-Picardie \/ <strong>SMF<\/strong>\u00a0: Soci\u00e9t\u00e9 Mycologique de France \/ <strong>SN <\/strong>: Santes-Nature.<\/p>\n\n\n\n<div style=\"height:36px\" aria-hidden=\"true\" class=\"wp-block-spacer\"><\/div>\n\n\n\n<div class=\"wp-block-columns is-layout-flex wp-container-core-columns-is-layout-9d6595d7 wp-block-columns-is-layout-flex\">\n<div class=\"wp-block-column is-layout-flow wp-block-column-is-layout-flow\"><\/div>\n<\/div>\n\n\n\n<div style=\"height:63px\" aria-hidden=\"true\" class=\"wp-block-spacer\"><\/div>\n\n\n\n<div style=\"height:20px\" aria-hidden=\"true\" class=\"wp-block-spacer\"><\/div>\n\n\n\n<div style=\"height:63px\" aria-hidden=\"true\" class=\"wp-block-spacer\"><\/div>\n\n\n\n<div style=\"height:20px\" aria-hidden=\"true\" class=\"wp-block-spacer\"><\/div>\n\n\n\n<div style=\"height:36px\" aria-hidden=\"true\" class=\"wp-block-spacer\"><\/div>\n\n\n\n<div class=\"wp-block-columns is-layout-flex wp-container-core-columns-is-layout-9d6595d7 wp-block-columns-is-layout-flex\">\n<div class=\"wp-block-column is-layout-flow wp-block-column-is-layout-flow\"><\/div>\n<\/div>\n\n\n\n<div style=\"height:63px\" aria-hidden=\"true\" class=\"wp-block-spacer\"><\/div>\n\n\n\n<div style=\"height:20px\" aria-hidden=\"true\" class=\"wp-block-spacer\"><\/div>\n","protected":false},"excerpt":{"rendered":"<p>Vous trouverez ci-dessous le programme d&rsquo;activit\u00e9s du 1er semestre 2026. Seules les sorties ouvertes au public sont mentionn\u00e9es avec le lieu et l&rsquo;heure de rendez-vous&#8230;.<\/p>\n","protected":false},"author":2,"featured_media":0,"parent":0,"menu_order":0,"comment_status":"closed","ping_status":"closed","template":"","meta":{"footnotes":""},"class_list":["post-2441","page","type-page","status-publish","hentry"],"_links":{"self":[{"href":"https:\/\/www.smnf.fr\/index.php\/wp-json\/wp\/v2\/pages\/2441","targetHints":{"allow":["GET"]}}],"collection":[{"href":"https:\/\/www.smnf.fr\/index.php\/wp-json\/wp\/v2\/pages"}],"about":[{"href":"https:\/\/www.smnf.fr\/index.php\/wp-json\/wp\/v2\/types\/page"}],"author":[{"embeddable":true,"href":"https:\/\/www.smnf.fr\/index.php\/wp-json\/wp\/v2\/users\/2"}],"replies":[{"embeddable":true,"href":"https:\/\/www.smnf.fr\/index.php\/wp-json\/wp\/v2\/comments?post=2441"}],"version-history":[{"count":118,"href":"https:\/\/www.smnf.fr\/index.php\/wp-json\/wp\/v2\/pages\/2441\/revisions"}],"predecessor-version":[{"id":6023,"href":"https:\/\/www.smnf.fr\/index.php\/wp-json\/wp\/v2\/pages\/2441\/revisions\/6023"}],"wp:attachment":[{"href":"https:\/\/www.smnf.fr\/index.php\/wp-json\/wp\/v2\/media?parent=2441"}],"curies":[{"name":"wp","href":"https:\/\/api.w.org\/{rel}","templated":true}]}}