{"id":28,"date":"2020-02-28T10:43:22","date_gmt":"2020-02-28T09:43:22","guid":{"rendered":"http:\/\/www.smnf.fr\/?page_id=28"},"modified":"2020-10-26T21:49:40","modified_gmt":"2020-10-26T20:49:40","slug":"principales-acivites","status":"publish","type":"page","link":"https:\/\/www.smnf.fr\/index.php\/principales-acivites\/","title":{"rendered":"Principales acivit\u00e9s"},"content":{"rendered":"<p>\n<!--StartFragment--><\/p>\n\n\n<h3 class=\"wp-block-heading\">1- Les sorties sur le terrain<\/h3>\n\n\n\n<p> Des sorties d\u2019une demi-journ\u00e9e ou d\u2019une journ\u00e9e sont organis\u00e9es dans  divers sites des d\u00e9partements du Nord et du Pas-de-Calais,  principalement en automne (tous les samedis et dimanches de septembre et  d\u2019octobre) sans oublier cependant les esp\u00e8ces vernales (Ascomyc\u00e8tes en  particulier). Des sorties sont \u00e9galement organis\u00e9es en commun avec nos  soci\u00e9t\u00e9s amies : Le Pleurote Sinois, Soci\u00e9t\u00e9 de Botanique du Nord de la France, Soci\u00e9t\u00e9  Linn\u00e9enne Nord-Picardie, SMF, Conservatoire des Sites, EDEN62 \u2026 <\/p>\n\n\n\n<figure class=\"wp-block-image size-large is-resized\"><a href=\"https:\/\/www.smnf.fr\/wp-content\/uploads\/2020\/10\/Flines-les-Mortagnes-30-mai-2015.jpg\"><img loading=\"lazy\" decoding=\"async\" src=\"https:\/\/www.smnf.fr\/wp-content\/uploads\/2020\/10\/Flines-les-Mortagnes-30-mai-2015.jpg\" alt=\"\" class=\"wp-image-1483\" width=\"768\" height=\"432\" srcset=\"https:\/\/www.smnf.fr\/wp-content\/uploads\/2020\/10\/Flines-les-Mortagnes-30-mai-2015.jpg 1024w, https:\/\/www.smnf.fr\/wp-content\/uploads\/2020\/10\/Flines-les-Mortagnes-30-mai-2015-300x169.jpg 300w, https:\/\/www.smnf.fr\/wp-content\/uploads\/2020\/10\/Flines-les-Mortagnes-30-mai-2015-768x432.jpg 768w\" sizes=\"auto, (max-width: 768px) 100vw, 768px\" \/><\/a><\/figure>\n\n\n\n<h3 class=\"wp-block-heading\"><strong>2. Conf\u00e9rences et travail de laboratoire<\/strong><\/h3>\n\n\n\n<p>Des expos\u00e9s illustr\u00e9s de diapositives pr\u00e9sentent les diff\u00e9rentes \nr\u00e9coltes r\u00e9gionales ou d\u00e9veloppent diff\u00e9rents aspects de la biologie, de\n la classification, de la d\u00e9termination des champignons. Chaque ann\u00e9e, \nplusieurs s\u00e9ances de travaux pratiques permettent l\u2019initiation et le \nperfectionnement \u00e0 la microscopie, pratiques indispensables pour la \nd\u00e9termination de nombreuses esp\u00e8ces.<\/p>\n\n\n\n<h3 class=\"wp-block-heading\"><strong>3. Sessions mycologiques<\/strong><\/h3>\n\n\n\n<p>Chaque ann\u00e9e le SMNF organise, au printemps ou pendant la saison mycologique d\u2019automne, des sessions d\u2019\u00e9tude de quelques journ\u00e9es, dans un site remarquable par sa richesse fongique.<br><em>Octobre 2000 et 2010&nbsp;<\/em>: Organisation et h\u00e9bergement, \u00e0 Ambleteuse,&nbsp; de la session annuelle de la Soci\u00e9t\u00e9 Mycologique de France.<br><em>Juillet 2005<\/em>, en collaboration avec la Soci\u00e9t\u00e9 Linn\u00e9enne Nord-Picardie : Session d\u2019\u00e9tude consacr\u00e9e aux Myxomyc\u00e8tes du nord de la France.<br><em>Novembre 2006, 2008, 2012, 2014 et 2017<\/em><strong> <\/strong>: Session de mycologie&nbsp; dunaire sur le littoral du Pas-de-Calais.<br><em>0ctobre 2007 et 2018<\/em> : Session de 4 journ\u00e9es&nbsp;en for\u00eat d\u2019Orient en collaboration avec la Soci\u00e9t\u00e9 Auboise de Mycologie.<br><em>Octobre 2011, 2015 et 2019<\/em>&nbsp;: Session en for\u00eats conventionnelles des Hauts-de France (For\u00eat de Tr\u00e9lon , Mormal, Gu\u00eenes\u2026).<br><em>Novembre 2013 et 2016<\/em>&nbsp;: session d\u2019\u00e9tude des champignons des terrils du nord de la France.<\/p>\n\n\n\n<h3 class=\"wp-block-heading\"><strong>4.&nbsp;Expositions mycologiques ouvertes au public<\/strong><\/h3>\n\n\n\n<p>Chaque ann\u00e9e, la SMNF organise une grande exposition mycologique vers\n la mi-octobre. Ces manifestations permettent \u00e0 de nombreuses personnes \nde d\u00e9couvrir la biodiversit\u00e9 fongique et de se familiariser avec les \ncrit\u00e8res d\u2019identification des esp\u00e8ces dont la consommation est peu \nrecommand\u00e9e.<\/p>\n\n\n\n<h3 class=\"wp-block-heading\"><strong>5. Publications scientifiques<\/strong><\/h3>\n\n\n\n<p>La Soci\u00e9t\u00e9 publie un bulletin semestriel (50 \u00e0 70 pages) dont les \npages sont ouvertes \u00e0 tous les membres qui d\u00e9sirent s\u2019y exprimer. Plus \nde 30 organismes ou soci\u00e9t\u00e9s scientifiques re\u00e7oivent ce bulletin. La \nSMNF participe au rayonnement intellectuel de notre r\u00e9gion \u00e0 l\u2019\u00e9tranger.\n Depuis 2004, la SMNF a repris la publication et la diffusion des \nDocuments mycologiques cr\u00e9\u00e9s en 1971 par Marcel BON.<\/p>\n\n\n\n<figure class=\"wp-block-table aligncenter\">\n<table class=\"has-fixed-layout\">\n<tbody>\n<tr>\n<td style=\"padding-left: 40px;\"><img loading=\"lazy\" decoding=\"async\" class=\"size-full wp-image-1488 alignright\" src=\"https:\/\/www.smnf.fr\/wp-content\/uploads\/2020\/10\/Bull_93_Ima_2.jpg\" alt=\"\" width=\"126\" height=\"190\" \/><\/td>\n<td><img loading=\"lazy\" decoding=\"async\" class=\"alignnone size-full wp-image-1487 aligncenter\" src=\"https:\/\/www.smnf.fr\/wp-content\/uploads\/2020\/10\/Bull_93_ima_1.jpg\" alt=\"\" width=\"125\" height=\"189\" \/><\/td>\n<td><img loading=\"lazy\" decoding=\"async\" class=\"size-full wp-image-1489 alignleft\" src=\"https:\/\/www.smnf.fr\/wp-content\/uploads\/2020\/10\/Bull_93_Ima_3.jpg\" alt=\"\" width=\"125\" height=\"190\" \/><\/td>\n<\/tr>\n<\/tbody>\n<\/table>\n<\/figure>\n\n\n\n<h3 class=\"wp-block-heading\"><strong>6. Biblioth\u00e8que<\/strong><\/h3>\n\n\n\n<p>La Soci\u00e9t\u00e9 dispose de livres de d\u00e9termination et de nombreuses revues\n mycologiques, achet\u00e9es ou \u00e9chang\u00e9es avec des associations mycologiques \nfrancophones. Cette documentation est accessible apr\u00e8s accord avec le \nPr\u00e9sident honoraire, responsable de la biblioth\u00e8que.<\/p>\n\n\n<p><!--EndFragment--><\/p>","protected":false},"excerpt":{"rendered":"<p>1- Les sorties sur le terrain Des sorties d\u2019une demi-journ\u00e9e ou d\u2019une journ\u00e9e sont organis\u00e9es dans divers sites des d\u00e9partements du Nord et du Pas-de-Calais,&#8230;<\/p>\n","protected":false},"author":2,"featured_media":0,"parent":0,"menu_order":0,"comment_status":"closed","ping_status":"closed","template":"","meta":{"footnotes":""},"class_list":["post-28","page","type-page","status-publish","hentry"],"_links":{"self":[{"href":"https:\/\/www.smnf.fr\/index.php\/wp-json\/wp\/v2\/pages\/28","targetHints":{"allow":["GET"]}}],"collection":[{"href":"https:\/\/www.smnf.fr\/index.php\/wp-json\/wp\/v2\/pages"}],"about":[{"href":"https:\/\/www.smnf.fr\/index.php\/wp-json\/wp\/v2\/types\/page"}],"author":[{"embeddable":true,"href":"https:\/\/www.smnf.fr\/index.php\/wp-json\/wp\/v2\/users\/2"}],"replies":[{"embeddable":true,"href":"https:\/\/www.smnf.fr\/index.php\/wp-json\/wp\/v2\/comments?post=28"}],"version-history":[{"count":15,"href":"https:\/\/www.smnf.fr\/index.php\/wp-json\/wp\/v2\/pages\/28\/revisions"}],"predecessor-version":[{"id":1566,"href":"https:\/\/www.smnf.fr\/index.php\/wp-json\/wp\/v2\/pages\/28\/revisions\/1566"}],"wp:attachment":[{"href":"https:\/\/www.smnf.fr\/index.php\/wp-json\/wp\/v2\/media?parent=28"}],"curies":[{"name":"wp","href":"https:\/\/api.w.org\/{rel}","templated":true}]}}