{"id":3348,"date":"2022-04-13T11:07:22","date_gmt":"2022-04-13T09:07:22","guid":{"rendered":"https:\/\/www.smnf.fr\/?page_id=3348"},"modified":"2022-09-07T15:31:16","modified_gmt":"2022-09-07T13:31:16","slug":"sorties-2022","status":"publish","type":"page","link":"https:\/\/www.smnf.fr\/index.php\/sorties-2022\/","title":{"rendered":"Sorties 2022"},"content":{"rendered":"\n<div style=\"height:44px\" aria-hidden=\"true\" class=\"wp-block-spacer\"><\/div>\n\n\n\n<div class=\"wp-block-columns is-layout-flex wp-container-core-columns-is-layout-9d6595d7 wp-block-columns-is-layout-flex\">\n<div class=\"wp-block-column is-layout-flow wp-block-column-is-layout-flow\" style=\"flex-basis:33.33%\">\n<div class=\"wp-block-buttons is-layout-flex wp-block-buttons-is-layout-flex\">\n<div class=\"wp-block-button is-style-outline is-style-outline--1\"><a class=\"wp-block-button__link has-black-color has-pale-cyan-blue-background-color has-text-color has-background no-border-radius\" href=\"https:\/\/hdf.fongifrance.fr\/especes-par-recolte\/\" target=\"_blank\" rel=\"noreferrer noopener\">Acc\u00e9der \u00e0 la liste des r\u00e9coltes enregistr\u00e9es dans l&rsquo;Atlas Mycologique des Hauts-de-France<\/a><\/div>\n<\/div>\n<\/div>\n\n\n\n<div class=\"wp-block-column is-layout-flow wp-block-column-is-layout-flow\" style=\"flex-basis:66.66%\">\n<p>Vous y trouverez toutes les r\u00e9coltes des sorties de la SMNF sur l\u2019Atlas Mycologique des Hauts-de-France. Celles r\u00e9alis\u00e9es en Belgique sont pr\u00e9sent\u00e9es sur cette page.<br>Les listes des esp\u00e8ces recens\u00e9es lors des sorties mycologiques sont import\u00e9es par les directeurs de sorties dans la base de donn\u00e9es r\u00e9gionale (aide possible aupr\u00e8s de <a href=\"mailto:jeanlouis.lefevre.smnf@gmail.com\">Jean-Louis Lef\u00e8vre<\/a>).<\/p>\n<\/div>\n<\/div>\n\n\n\n<p><span style=\"font-family: times new roman, times, serif; font-size: 20px; color: #800000;\"><strong>\u25ba<u>Samedi 2 avril 2022<\/u>: <\/strong><strong>Stage de travaux pratiques de microscopie.<br><\/strong><span style=\"color: #000000; font-family: helvetica, arial, sans-serif; font-size: 16px;\"><strong>1\u00e8re s\u00e9ance :<\/strong> Initiation : techniques de base en microscopie, utilisation des r\u00e9actifs et applications.<\/span><br><span style=\"font-family: helvetica, arial, sans-serif; font-size: 16px;\"><span style=\"color: #000000;\"><strong>Animateurs du TP<\/strong> : G\u00e9rard M\u00e9lard &amp; Christophe L\u00e9curu.<\/span><strong><br><\/strong><\/span><\/span><\/p>\n<p><span style=\"font-family: helvetica, arial, sans-serif; font-size: 16px;\"><strong>Liste des participants&nbsp;<\/strong>: Aleksandrowicz Pascal, Cambier Jos\u00e9, Dumont Andr\u00e9, Henne Bernard, L\u00e9curu Christophe, Masquelier Claude, M\u00e9lard G\u00e9rard.<\/span><\/p>\n\n\n\n<div class=\"wp-block-columns is-layout-flex wp-container-core-columns-is-layout-9d6595d7 wp-block-columns-is-layout-flex\">\n<div class=\"wp-block-column is-layout-flow wp-block-column-is-layout-flow\">\n<figure class=\"wp-block-image size-large\"><a href=\"https:\/\/www.smnf.fr\/wp-content\/uploads\/2022\/04\/Participants-1a.jpg\" target=\"_blank\" rel=\"noopener\"><img loading=\"lazy\" decoding=\"async\" width=\"1024\" height=\"473\" src=\"https:\/\/www.smnf.fr\/wp-content\/uploads\/2022\/04\/Participants-1a-1024x473.jpg\" alt=\"\" class=\"wp-image-3346\" srcset=\"https:\/\/www.smnf.fr\/wp-content\/uploads\/2022\/04\/Participants-1a-1024x473.jpg 1024w, https:\/\/www.smnf.fr\/wp-content\/uploads\/2022\/04\/Participants-1a-300x139.jpg 300w, https:\/\/www.smnf.fr\/wp-content\/uploads\/2022\/04\/Participants-1a-768x355.jpg 768w, https:\/\/www.smnf.fr\/wp-content\/uploads\/2022\/04\/Participants-1a.jpg 1386w\" sizes=\"auto, (max-width: 1024px) 100vw, 1024px\" \/><\/a><figcaption>Participants <\/figcaption><\/figure>\n<\/div>\n\n\n\n<div class=\"wp-block-column is-layout-flow wp-block-column-is-layout-flow\">\n<figure class=\"wp-block-image size-large\"><a href=\"https:\/\/www.smnf.fr\/wp-content\/uploads\/2022\/04\/Participants-2b.jpg\" target=\"_blank\" rel=\"noopener\"><img loading=\"lazy\" decoding=\"async\" width=\"1024\" height=\"473\" src=\"https:\/\/www.smnf.fr\/wp-content\/uploads\/2022\/04\/Participants-2b-1024x473.jpg\" alt=\"\" class=\"wp-image-3354\" srcset=\"https:\/\/www.smnf.fr\/wp-content\/uploads\/2022\/04\/Participants-2b-1024x473.jpg 1024w, https:\/\/www.smnf.fr\/wp-content\/uploads\/2022\/04\/Participants-2b-300x139.jpg 300w, https:\/\/www.smnf.fr\/wp-content\/uploads\/2022\/04\/Participants-2b-768x355.jpg 768w, https:\/\/www.smnf.fr\/wp-content\/uploads\/2022\/04\/Participants-2b.jpg 1386w\" sizes=\"auto, (max-width: 1024px) 100vw, 1024px\" \/><\/a><\/figure>\n<\/div>\n<\/div>\n\n\n\n<div class=\"wp-block-columns is-layout-flex wp-container-core-columns-is-layout-9d6595d7 wp-block-columns-is-layout-flex\">\n<div class=\"wp-block-column is-layout-flow wp-block-column-is-layout-flow\" style=\"flex-basis:66.66%\">\n<p><span style=\"font-family: times new roman, times, serif; font-size: 20px; color: #800000;\"><strong>\u25ba<u>Samedi 9 avril 2022<\/u> : Abscon (59) Carri\u00e8re des peupliers.<\/strong><\/span><br><span style=\"font-family: helvetica, arial, sans-serif; font-size: 16px;\">Sortie en partenariat avec le D\u00e9partement du Nord. Sortie commune avec le Pleurote Sinois.<\/span><br><span style=\"font-family: helvetica, arial, sans-serif; font-size: 16px;\"><strong>Guides :<\/strong> Pascal Aleksandrowicz, Bernard Hernne, G\u00e9rard M\u00e9lard.<br><\/span><\/p>\n<p><a href=\"https:\/\/www.smnf.fr\/wp-content\/uploads\/2022\/04\/Groupe-SMNF-Abscon-09-04-22-web.jpg\"><img loading=\"lazy\" decoding=\"async\" class=\"alignnone wp-image-3345 size-full\" src=\"https:\/\/www.smnf.fr\/wp-content\/uploads\/2022\/04\/Groupe-SMNF-Abscon-09-04-22-web.jpg\" alt=\"\" width=\"920\" height=\"552\" srcset=\"https:\/\/www.smnf.fr\/wp-content\/uploads\/2022\/04\/Groupe-SMNF-Abscon-09-04-22-web.jpg 920w, https:\/\/www.smnf.fr\/wp-content\/uploads\/2022\/04\/Groupe-SMNF-Abscon-09-04-22-web-300x180.jpg 300w, https:\/\/www.smnf.fr\/wp-content\/uploads\/2022\/04\/Groupe-SMNF-Abscon-09-04-22-web-768x461.jpg 768w\" sizes=\"auto, (max-width: 920px) 100vw, 920px\" \/><\/a><\/p>\n<p><span style=\"font-family: helvetica, arial, sans-serif; font-size: 16px;\"><strong>Liste des participants<\/strong> : Adamczak Christophe, Aleksandrowicz Pascal, Cambier Jos\u00e9, Ducatillon Jean-Claude &amp; Jean-Yves, Henne Bernard, L\u00e9curu Christophe, Masquelier Claude, M\u00e9lard G\u00e9rard, Prouvez \u00c9liane, Defoort Damien, Lorrain J.L..<\/span><\/p>\n<p><strong><span style=\"font-family: times new roman, times, serif; font-size: 14pt;\"><span style=\"color: #800000;\">\u25ba<u>Samedi 23 avril 2022<\/u> :&nbsp;<\/span><span style=\"color: #800000;\"> Le matin au Caillou qui Bique \u00e0 Roisin (Belgique), l&rsquo;apr\u00e8s-midi au Bois d&rsquo;Encade \u00e0 Gussignies.<\/span><\/span><br><\/strong><span style=\"font-family: helvetica, arial, sans-serif; font-size: 16px;\"><strong>Guides :<\/strong>Pascal Aleksandrowicz<strong>,<\/strong> Daniel Druart<strong><br>Liste des participants<\/strong> : Adamczak Christophe, Aleksandrowicz Pascal, Daniel Druart, Jacqueline Lefranc, Alain Monier, Jos\u00e9 Cambier, J\u00e9r\u00f4me M\u00e9vel, Eliane et Damien Prouvez, Jean-Louis Lef\u00e8vre<\/span><br><span style=\"font-family: helvetica, arial, sans-serif; font-size: 16px;\"><strong>Esp\u00e8ces r\u00e9colt\u00e9es<\/strong> que vous pouvez \u00e9galement retrouver sur l&rsquo;Atlas Mycologique des Hauts-de-France :<\/span><br><span style=\"font-family: helvetica, arial, sans-serif; font-size: 16px;\"><span style=\"color: #800000;\"><strong>au Caillou qui Bique<\/strong> <\/span>: <em>Coprinellus disseminatus, Coprinellus micaceus, Fomes fomentarius, Mollisia fusca, Piptoporus betulinus, Pluteus cervinus, Polyporus badius, Polyporus squamosus, Triphragmium ulmariae, Uromyces muscari.<br><\/em><\/span><span style=\"font-family: helvetica, arial, sans-serif; font-size: 16px;\"><span style=\"color: #800000;\"><strong>au Bois d&rsquo;Encade<\/strong><\/span> : <em>Didymium crustaceum, Disciotis venosa, Entyloma ficariae, Morchella semilibera, Piptoporus betulinus, Tarzetta cupularis<\/em><\/span><\/p>\n<\/div>\n\n\n\n<div class=\"wp-block-column is-layout-flow wp-block-column-is-layout-flow\" style=\"flex-basis:33.33%\">\n<div style=\"height:137px\" aria-hidden=\"true\" class=\"wp-block-spacer\"><\/div>\n\n\n\n<div class=\"wp-block-buttons is-layout-flex wp-block-buttons-is-layout-flex\">\n<div class=\"wp-block-button aligncenter is-style-outline is-style-outline--2\"><a class=\"wp-block-button__link has-background\" href=\"https:\/\/www.smnf.fr\/wp-content\/uploads\/2022\/04\/Sortie-SMNF-Abscon-2022.pdf\" style=\"background:radial-gradient(rgb(142,241,201) 44%,rgb(0,208,130) 70%)\" target=\"_blank\" rel=\"noreferrer noopener\">Compte rendu<\/a><\/div>\n<\/div>\n\n\n\n<div style=\"height:74px\" aria-hidden=\"true\" class=\"wp-block-spacer\"><\/div>\n\n\n<div class=\"wp-block-image\">\n<figure class=\"aligncenter size-full\"><a href=\"https:\/\/www.smnf.fr\/wp-content\/uploads\/2022\/04\/Helvella-acetabulum-2.jpg\" target=\"_blank\" rel=\"noopener\"><img loading=\"lazy\" decoding=\"async\" width=\"711\" height=\"558\" src=\"https:\/\/www.smnf.fr\/wp-content\/uploads\/2022\/04\/Helvella-acetabulum-2.jpg\" alt=\"\" class=\"wp-image-3404\" srcset=\"https:\/\/www.smnf.fr\/wp-content\/uploads\/2022\/04\/Helvella-acetabulum-2.jpg 711w, https:\/\/www.smnf.fr\/wp-content\/uploads\/2022\/04\/Helvella-acetabulum-2-300x235.jpg 300w\" sizes=\"auto, (max-width: 711px) 100vw, 711px\" \/><\/a><figcaption><em>Helvella acetabulum<\/em><\/figcaption><\/figure>\n<\/div>\n\n\n\n\n<div style=\"height:64px\" aria-hidden=\"true\" class=\"wp-block-spacer\"><\/div>\n\n\n<div class=\"wp-block-image\">\n<figure class=\"aligncenter size-full\"><a href=\"https:\/\/www.smnf.fr\/wp-content\/uploads\/2022\/05\/Tarzetta-cupularis-2.jpg\" target=\"_blank\" rel=\"noopener\"><img loading=\"lazy\" decoding=\"async\" width=\"1024\" height=\"768\" src=\"https:\/\/www.smnf.fr\/wp-content\/uploads\/2022\/05\/Tarzetta-cupularis-2.jpg\" alt=\"\" class=\"wp-image-3443\" srcset=\"https:\/\/www.smnf.fr\/wp-content\/uploads\/2022\/05\/Tarzetta-cupularis-2.jpg 1024w, https:\/\/www.smnf.fr\/wp-content\/uploads\/2022\/05\/Tarzetta-cupularis-2-300x225.jpg 300w, https:\/\/www.smnf.fr\/wp-content\/uploads\/2022\/05\/Tarzetta-cupularis-2-768x576.jpg 768w, https:\/\/www.smnf.fr\/wp-content\/uploads\/2022\/05\/Tarzetta-cupularis-2-480x360.jpg 480w\" sizes=\"auto, (max-width: 1024px) 100vw, 1024px\" \/><\/a><figcaption><em>Tarzetta cupularis<\/em> &#8211; Christophe Adamzak<\/figcaption><\/figure>\n<\/div><\/div>\n<\/div>\n\n\n\n<div class=\"wp-block-columns is-layout-flex wp-container-core-columns-is-layout-9d6595d7 wp-block-columns-is-layout-flex\">\n<div class=\"wp-block-column is-layout-flow wp-block-column-is-layout-flow\">\n<figure class=\"wp-block-image size-full\"><a href=\"https:\/\/www.smnf.fr\/wp-content\/uploads\/2022\/05\/Bois-dAngre-Caillou-qui-Bique-2-.jpg\" target=\"_blank\" rel=\"noopener\"><img loading=\"lazy\" decoding=\"async\" width=\"1024\" height=\"576\" src=\"https:\/\/www.smnf.fr\/wp-content\/uploads\/2022\/05\/Bois-dAngre-Caillou-qui-Bique-2-.jpg\" alt=\"\" class=\"wp-image-3432\" srcset=\"https:\/\/www.smnf.fr\/wp-content\/uploads\/2022\/05\/Bois-dAngre-Caillou-qui-Bique-2-.jpg 1024w, https:\/\/www.smnf.fr\/wp-content\/uploads\/2022\/05\/Bois-dAngre-Caillou-qui-Bique-2--300x169.jpg 300w, https:\/\/www.smnf.fr\/wp-content\/uploads\/2022\/05\/Bois-dAngre-Caillou-qui-Bique-2--768x432.jpg 768w\" sizes=\"auto, (max-width: 1024px) 100vw, 1024px\" \/><\/a><figcaption>Bois d&rsquo;Angre (Caillou qui Bique)<\/figcaption><\/figure>\n<\/div>\n\n\n\n<div class=\"wp-block-column is-layout-flow wp-block-column-is-layout-flow\">\n<figure class=\"wp-block-image size-full\"><a href=\"https:\/\/www.smnf.fr\/wp-content\/uploads\/2022\/05\/Le-groupe.jpg\" target=\"_blank\" rel=\"noopener\"><img loading=\"lazy\" decoding=\"async\" width=\"800\" height=\"450\" src=\"https:\/\/www.smnf.fr\/wp-content\/uploads\/2022\/05\/Le-groupe.jpg\" alt=\"\" class=\"wp-image-3433\" srcset=\"https:\/\/www.smnf.fr\/wp-content\/uploads\/2022\/05\/Le-groupe.jpg 800w, https:\/\/www.smnf.fr\/wp-content\/uploads\/2022\/05\/Le-groupe-300x169.jpg 300w, https:\/\/www.smnf.fr\/wp-content\/uploads\/2022\/05\/Le-groupe-768x432.jpg 768w\" sizes=\"auto, (max-width: 800px) 100vw, 800px\" \/><\/a><figcaption>Pose casse-croute<\/figcaption><\/figure>\n<\/div>\n<\/div>\n\n\n\n<div class=\"wp-block-columns is-layout-flex wp-container-core-columns-is-layout-9d6595d7 wp-block-columns-is-layout-flex\">\n<div class=\"wp-block-column is-layout-flow wp-block-column-is-layout-flow\" style=\"flex-basis:66.66%\">\n<p><span style=\"font-family: times new roman, times, serif; font-size: 20px; color: #800000;\"><strong>\u25ba<u>Samedi 7 mai 2022<\/u> : Lac de Cantin (59).<\/strong><\/span><br \/><span style=\"font-family: helvetica, arial, sans-serif; font-size: 16px;\"><strong>Sortie en partenariat avec la Communaut\u00e9 d\u2019Agglom\u00e9ration du Douaisis et le CEN HdF.<\/strong><\/span><br \/><span style=\"font-family: helvetica, arial, sans-serif; font-size: 16px;\">Sortie commune avec le Pleurote Sinois.<\/span><br \/><span style=\"font-family: helvetica, arial, sans-serif; font-size: 16px;\"><strong>Guides :<\/strong> Bernard Hernne, Christophe L\u00e9curu.<br \/><\/span><span style=\"font-family: helvetica, arial, sans-serif; font-size: 16px;\"><strong>Liste des participants<\/strong> :Jean-Claude et Jean-Yves Ducatillon, Bernard Henne et Christophe L\u00e9curu.<\/span><\/p>\n<\/div>\n\n\n\n<div class=\"wp-block-column is-layout-flow wp-block-column-is-layout-flow\" style=\"flex-basis:33.33%\">\n<div style=\"height:64px\" aria-hidden=\"true\" class=\"wp-block-spacer\"><\/div>\n<\/div>\n<\/div>\n\n\n\n<div class=\"wp-block-columns is-layout-flex wp-container-core-columns-is-layout-9d6595d7 wp-block-columns-is-layout-flex\">\n<div class=\"wp-block-column is-layout-flow wp-block-column-is-layout-flow\" style=\"flex-basis:66.66%\">\n<div class=\"wp-block-columns\">\n<div class=\"wp-block-column\">\n<p><strong><span style=\"font-size: 20px; color: #800000;\"><span style=\"font-family: times new roman, times, serif;\">\u25ba<u>Samedi 14 mai 2022<\/u> : <\/span><\/span><\/strong><span style=\"font-family: times new roman, times, serif; font-size: 20px; color: #800000;\"><strong>Flaumont Waudrechies (59) : Le camp C\u00e9sar.<\/strong><\/span><br><span style=\"font-family: helvetica, arial, sans-serif; font-size: 16px;\"><strong>Guides :<\/strong> Daniel Baivier, Alain Monier, Jacky Triquet, Claude Vis\u00e9e<br><\/span><br><strong><span style=\"font-family: times new roman, times, serif; font-size: 20px; color: #800000;\">\u25ba<u>Samedi 14 mai 2022<\/u> :&nbsp;Condette (62) : For\u00eat d\u2019Ecaut.<\/span><br><span style=\"font-family: helvetica, arial, sans-serif; font-size: 16px;\">Guides : <\/span><\/strong><span style=\"font-family: helvetica, arial, sans-serif; font-size: 16px;\">Didier Huart, Christophe L\u00e9curu, Johann Sacleux.<br><strong>Liste des participants<\/strong> : Christophe L\u00e9curu, Didier Huart, Brigitte et Johann Sacleux, Pascal Bonnel, Jean-Louis Lef\u00e8vre.<br>En ce d\u00e9but de printemps tr\u00e8s sec peu de participant mais malgr\u00e9 tout quelques belles esp\u00e8ces : le matin en for\u00eat d&rsquo;Ecault et l&rsquo;apr\u00e8s-midi en zone humide de la for\u00eat d&rsquo;Hardelot.<br><\/span><\/p>\n<p>&nbsp;<\/p>\n<p><img loading=\"lazy\" decoding=\"async\" class=\"alignnone wp-image-3460 size-full\" src=\"https:\/\/www.smnf.fr\/wp-content\/uploads\/2022\/05\/Ecault-14-05-2021.jpg\" alt=\"\" width=\"750\" height=\"562\" srcset=\"https:\/\/www.smnf.fr\/wp-content\/uploads\/2022\/05\/Ecault-14-05-2021.jpg 750w, https:\/\/www.smnf.fr\/wp-content\/uploads\/2022\/05\/Ecault-14-05-2021-300x225.jpg 300w, https:\/\/www.smnf.fr\/wp-content\/uploads\/2022\/05\/Ecault-14-05-2021-480x360.jpg 480w\" sizes=\"auto, (max-width: 750px) 100vw, 750px\" \/><\/p>\n<\/div>\n<\/div>\n<p><span style=\"font-family: helvetica, arial, sans-serif; font-size: 16px;\">&nbsp;<\/span><\/p>\n<p><strong><span style=\"font-family: times new roman, times, serif; font-size: 14pt;\"><span style=\"color: #800000;\">&nbsp;<\/span><\/span><\/strong><\/p>\n<\/div>\n\n\n\n<div class=\"wp-block-column is-layout-flow wp-block-column-is-layout-flow\" style=\"flex-basis:33.33%\">\n<div style=\"height:137px\" aria-hidden=\"true\" class=\"wp-block-spacer\"><\/div>\n\n\n\n<div class=\"wp-block-buttons is-layout-flex wp-block-buttons-is-layout-flex\">\n<div class=\"wp-block-button aligncenter is-style-outline is-style-outline--3\"><a class=\"wp-block-button__link has-background\" href=\"https:\/\/hdf.fongifrance.fr\/espece-par-domaine\/\" style=\"background:radial-gradient(rgb(142,241,201) 44%,rgb(0,208,130) 70%)\" target=\"_blank\" rel=\"noreferrer noopener\">Liste des r\u00e9coltes<\/a><\/div>\n<\/div>\n\n\n\n<div style=\"height:74px\" aria-hidden=\"true\" class=\"wp-block-spacer\"><\/div>\n\n\n<div class=\"wp-block-image\">\n<figure class=\"aligncenter size-full\"><a href=\"https:\/\/www.smnf.fr\/wp-content\/uploads\/2022\/09\/Lentinus-tigrinus-1.jpg\" target=\"_blank\" rel=\"noopener\"><img loading=\"lazy\" decoding=\"async\" width=\"1024\" height=\"602\" src=\"https:\/\/www.smnf.fr\/wp-content\/uploads\/2022\/09\/Lentinus-tigrinus-1.jpg\" alt=\"\" class=\"wp-image-3822\" srcset=\"https:\/\/www.smnf.fr\/wp-content\/uploads\/2022\/09\/Lentinus-tigrinus-1.jpg 1024w, https:\/\/www.smnf.fr\/wp-content\/uploads\/2022\/09\/Lentinus-tigrinus-1-300x176.jpg 300w, https:\/\/www.smnf.fr\/wp-content\/uploads\/2022\/09\/Lentinus-tigrinus-1-768x452.jpg 768w\" sizes=\"auto, (max-width: 1024px) 100vw, 1024px\" \/><\/a><figcaption><em>Lentinus tigrinus- <\/em>Lentin tigr\u00e9<\/figcaption><\/figure>\n<\/div>\n\n<div class=\"wp-block-image\">\n<figure class=\"aligncenter size-full\"><a href=\"https:\/\/www.smnf.fr\/wp-content\/uploads\/2022\/09\/Entoloma-sepium-1a.jpg\"><img loading=\"lazy\" decoding=\"async\" width=\"627\" height=\"1024\" src=\"https:\/\/www.smnf.fr\/wp-content\/uploads\/2022\/09\/Entoloma-sepium-1a.jpg\" alt=\"\" class=\"wp-image-3821\" srcset=\"https:\/\/www.smnf.fr\/wp-content\/uploads\/2022\/09\/Entoloma-sepium-1a.jpg 627w, https:\/\/www.smnf.fr\/wp-content\/uploads\/2022\/09\/Entoloma-sepium-1a-184x300.jpg 184w\" sizes=\"auto, (max-width: 627px) 100vw, 627px\" \/><\/a><figcaption>Entolome des haies &#8211; <em>Entoloma sepium<\/em><\/figcaption><\/figure>\n<\/div>\n\n\n<div style=\"height:2px\" aria-hidden=\"true\" class=\"wp-block-spacer\"><\/div>\n<\/div>\n<\/div>\n\n\n\n<p><span style=\"font-family: times new roman, times, serif; font-size: 20px; color: #800000;\"><strong>\u25ba<u>Samedi 21 mai 2022<\/u> : <\/strong><strong>Marchiennes (59).<br><span style=\"font-family: helvetica, arial, sans-serif; font-size: 16px; color: #000000;\">Sortie en partenariat avec le Parc Naturel Scarp Escaut.<br><span style=\"color: #800000;\">Le matin :<\/span> <\/span><\/strong><span style=\"font-family: helvetica, arial, sans-serif; font-size: 16px; color: #000000;\">la Tourbi\u00e8re de Vred.<\/span><strong><span style=\"font-family: helvetica, arial, sans-serif; font-size: 16px; color: #000000;\"><br><span style=\"color: #800000;\">L\u2019apr\u00e8s-midi<\/span> : <\/span><\/strong><span style=\"font-family: helvetica, arial, sans-serif; font-size: 16px; color: #000000;\">R\u00e9serve du <\/span><span style=\"font-family: helvetica, arial, sans-serif; font-size: 16px; color: #000000;\">Pr\u00e9 des Nonnettes<\/span><strong><span style=\"font-family: helvetica, arial, sans-serif; font-size: 16px; color: #000000;\"><br><\/span><\/strong><\/span><span style=\"font-family: helvetica, arial, sans-serif; font-size: 16px;\"><strong>Guides :<\/strong> Pascal Aleksandrowicz, Bernard Henne.<\/span><br><span style=\"font-family: helvetica, arial, sans-serif; font-size: 16px;\"><strong>Liste des participants<\/strong> : Christophe Adamczak, Pascal Aleksandrowicz, Bernard Henne, Christophe L\u00e9curu<\/span><\/p>\n<p style=\"padding-left: 320px;\"><span style=\"font-family: helvetica, arial, sans-serif; font-size: 16px;\"><strong>19 esp\u00e8ces r\u00e9colt\u00e9es.<\/strong><br><\/span><\/p>\n\n\n\n<p><span style=\"font-family: times new roman, times, serif; font-size: 20px; color: #800000;\"><strong>\u25ba<u>Samedi 28 mai 2022<\/u> : <\/strong><strong>Cambrin (62) : R\u00e9serve Naturelle des marais de Cambrin, Annequin, Cuinchy et Festuber.<br><span style=\"font-family: helvetica, arial, sans-serif; font-size: 16px;\"><span style=\"color: #000000;\">Guides :<\/span><\/span><\/strong><span style=\"font-family: helvetica, arial, sans-serif; font-size: 16px;\"><span style=\"color: #000000;\">Pascal Aleksandrowicz, Jos\u00e9 Cambier, Christophe L\u00e9curu.<\/span><\/span><strong><br><\/strong><\/span><span style=\"font-family: helvetica, arial, sans-serif; font-size: 16px;\"><strong>Liste des participants<\/strong> : Pascal Aleksandrowicz, Jos\u00e9 Cambier, Bernard Henne, Christophe L\u00e9curu,<\/span><\/p>\n<p style=\"padding-left: 320px;\"><strong><span style=\"font-family: helvetica, arial, sans-serif; font-size: 16px;\">10 esp\u00e8ces r\u00e9colt\u00e9es<\/span><\/strong><\/p>\n\n\n\n<p><span style=\"font-family: times new roman, times, serif; font-size: 20px; color: #800000;\"><strong>\u25ba<u>Dimanche 19 juin 2022<\/u> : <\/strong><\/span><strong><span style=\"font-family: times new roman, times, serif; font-size: 20px; color: #800000;\">Merlimont (62), R\u00e9serve biologique domaniale.<\/span><br><\/strong><span style=\"font-family: helvetica, arial, sans-serif; font-size: 16px;\">Sortie en partenariat avec l&rsquo;office national des for\u00eats.<\/span><strong><br><span style=\"font-family: helvetica, arial, sans-serif; font-size: 16px;\">Guides : <\/span><\/strong><span style=\"font-family: helvetica, arial, sans-serif; font-size: 16px;\">Jos\u00e9 Cambier, Didier Huart, Johann Sacleux<\/span><strong><br><span style=\"font-family: helvetica, arial, sans-serif; font-size: 16px;\">Liste des participants : <\/span><\/strong><span style=\"font-family: helvetica, arial, sans-serif; font-size: 16px;\">Christophe L\u00e9curu, Johann et Brigitte Sacleux, Jos\u00e9 Cambier, Pascal Bonnel et Didier Huart.<\/span><strong><br><\/strong><\/p>\n<p style=\"padding-left: 320px;\"><strong><span style=\"font-family: helvetica, arial, sans-serif; font-size: 16px;\">26 esp\u00e8ces r\u00e9colt\u00e9es<\/span><\/strong><\/p>\n\n\n\n<div class=\"wp-block-columns is-layout-flex wp-container-core-columns-is-layout-9d6595d7 wp-block-columns-is-layout-flex\">\n<div class=\"wp-block-column is-layout-flow wp-block-column-is-layout-flow\" style=\"flex-basis:66.66%\">\n<div class=\"wp-block-columns\">\n<div class=\"wp-block-column\">\n<p><strong><span style=\"font-size: 20px; color: #800000;\"><span style=\"font-family: times new roman, times, serif;\">\u25ba<u>Samedi 27 ao\u00fbt 2022<\/u> : <\/span><\/span><\/strong><span style=\"font-family: times new roman, times, serif; font-size: 20px; color: #800000;\"><strong>Marchiennes (59) : For\u00eat Domaniale de Marchiennes.<\/strong><\/span><br><span style=\"font-family: helvetica, arial, sans-serif; font-size: 16px;\"><strong>Guides :<\/strong> Christophe Adamczak, Pascal Aleksandrowicz, Bernard Henne, Christophe L\u00e9curu.<br><strong>Liste des participants<\/strong> : E. Prouvez, Christophe Adamczak, Pascal Aleksandrowicz, Bernard Henne, Christophe L\u00e9curu, Gr\u00e9gory Vanhove.<br><\/span><\/p>\n<figure id=\"attachment_3808\" aria-describedby=\"caption-attachment-3808\" style=\"width: 1024px\" class=\"wp-caption alignnone\"><a href=\"https:\/\/www.smnf.fr\/wp-content\/uploads\/2022\/09\/Groupe_Marchiennes_27-08-2022_br1200JL.jpg\"><img loading=\"lazy\" decoding=\"async\" class=\"wp-image-3808 size-full\" src=\"https:\/\/www.smnf.fr\/wp-content\/uploads\/2022\/09\/Groupe_Marchiennes_27-08-2022_br1200JL.jpg\" alt=\"\" width=\"1024\" height=\"462\" srcset=\"https:\/\/www.smnf.fr\/wp-content\/uploads\/2022\/09\/Groupe_Marchiennes_27-08-2022_br1200JL.jpg 1024w, https:\/\/www.smnf.fr\/wp-content\/uploads\/2022\/09\/Groupe_Marchiennes_27-08-2022_br1200JL-300x135.jpg 300w, https:\/\/www.smnf.fr\/wp-content\/uploads\/2022\/09\/Groupe_Marchiennes_27-08-2022_br1200JL-768x347.jpg 768w\" sizes=\"auto, (max-width: 1024px) 100vw, 1024px\" \/><\/a><figcaption id=\"caption-attachment-3808\" class=\"wp-caption-text\">Les participants<\/figcaption><\/figure>\n<p><span style=\"font-family: helvetica, arial, sans-serif; font-size: 16px;\"><br><\/span><br><strong><span style=\"font-family: times new roman, times, serif; font-size: 20px; color: #800000;\">\u25ba<u>Dimanche 28 ao\u00fbt 2022<\/u> : Condette (62) : For\u00eat d\u2019Hardelot.<\/span><br><span style=\"font-family: helvetica, arial, sans-serif; font-size: 16px;\">Guides : <\/span><\/strong><span style=\"font-family: helvetica, arial, sans-serif; font-size: 16px;\">Jos\u00e9 Cambier, Didier Huart, Jean-Louis Lefevre, Johann Sacleux.<br><strong>Liste des participants<\/strong> : Jos\u00e9 Cambier, Didier Huart, Brigitte et Johann Sacleux, Pascal Bonnel, Jean-Louis Lef\u00e8vre, St\u00e9phane Duriez.<br>En cet tr\u00e8s sec peu de participant mais malgr\u00e9 tout quelques 57 esp\u00e8ces.<br><\/span><\/p>\n<p>&nbsp;<\/p>\n<p><img loading=\"lazy\" decoding=\"async\" class=\"aligncenter wp-image-3799 size-full\" src=\"https:\/\/www.smnf.fr\/wp-content\/uploads\/2022\/09\/SMNF-Hardelot-28-08-2022-2a.jpg\" alt=\"\" width=\"700\" height=\"486\" srcset=\"https:\/\/www.smnf.fr\/wp-content\/uploads\/2022\/09\/SMNF-Hardelot-28-08-2022-2a.jpg 700w, https:\/\/www.smnf.fr\/wp-content\/uploads\/2022\/09\/SMNF-Hardelot-28-08-2022-2a-300x208.jpg 300w\" sizes=\"auto, (max-width: 700px) 100vw, 700px\" \/><\/p>\n<\/div>\n<\/div>\n<p><span style=\"font-family: helvetica, arial, sans-serif; font-size: 16px;\">&nbsp;<\/span><\/p>\n<p>&nbsp;<\/p>\n<p><span style=\"font-family: helvetica, arial, sans-serif; font-size: 16px;\">&nbsp;<\/span><\/p>\n<p><strong><span style=\"font-family: times new roman, times, serif; font-size: 14pt;\"><span style=\"color: #800000;\">&nbsp;<\/span><\/span><\/strong><\/p>\n<\/div>\n\n\n\n<div class=\"wp-block-column is-layout-flow wp-block-column-is-layout-flow\" style=\"flex-basis:33.33%\">\n<div style=\"height:51px\" aria-hidden=\"true\" class=\"wp-block-spacer\"><\/div>\n\n\n\n<div class=\"wp-block-buttons is-layout-flex wp-block-buttons-is-layout-flex\">\n<div class=\"wp-block-button aligncenter is-style-outline is-style-outline--4\"><a class=\"wp-block-button__link has-background\" href=\"https:\/\/hdf.fongifrance.fr\/espece-par-domaine\/\" style=\"background:radial-gradient(rgb(142,241,201) 44%,rgb(0,208,130) 70%)\" target=\"_blank\" rel=\"noreferrer noopener\">Liste des r\u00e9coltes<\/a><\/div>\n<\/div>\n\n\n\n<div style=\"height:526px\" aria-hidden=\"true\" class=\"wp-block-spacer\"><\/div>\n\n\n\n<div class=\"wp-block-buttons is-layout-flex wp-block-buttons-is-layout-flex\">\n<div class=\"wp-block-button aligncenter is-style-outline is-style-outline--5\"><a class=\"wp-block-button__link has-background\" href=\"https:\/\/www.smnf.fr\/wp-content\/uploads\/2022\/09\/Sortie-SMNF-Hardelot-2022.pdf\" style=\"background:radial-gradient(rgb(142,241,201) 44%,rgb(0,208,130) 70%)\" target=\"_blank\" rel=\"noreferrer noopener\">Compte rendu<\/a><\/div>\n<\/div>\n\n\n\n\n\n<div style=\"height:98px\" aria-hidden=\"true\" class=\"wp-block-spacer\"><\/div>\n\n\n<div class=\"wp-block-image\">\n<figure class=\"aligncenter size-full\"><a href=\"https:\/\/www.smnf.fr\/wp-content\/uploads\/2022\/09\/Inocybe-curvipes-2a.jpg\" target=\"_blank\" rel=\"noopener\"><img loading=\"lazy\" decoding=\"async\" width=\"1024\" height=\"769\" src=\"https:\/\/www.smnf.fr\/wp-content\/uploads\/2022\/09\/Inocybe-curvipes-2a.jpg\" alt=\"\" class=\"wp-image-3817\" srcset=\"https:\/\/www.smnf.fr\/wp-content\/uploads\/2022\/09\/Inocybe-curvipes-2a.jpg 1024w, https:\/\/www.smnf.fr\/wp-content\/uploads\/2022\/09\/Inocybe-curvipes-2a-300x225.jpg 300w, https:\/\/www.smnf.fr\/wp-content\/uploads\/2022\/09\/Inocybe-curvipes-2a-768x577.jpg 768w, https:\/\/www.smnf.fr\/wp-content\/uploads\/2022\/09\/Inocybe-curvipes-2a-480x360.jpg 480w\" sizes=\"auto, (max-width: 1024px) 100vw, 1024px\" \/><\/a><figcaption><em>Inocybe curvipes- <\/em>Inocybe variable<\/figcaption><\/figure>\n<\/div>\n\n<div class=\"wp-block-image\">\n<figure class=\"aligncenter size-full\"><a href=\"https:\/\/www.smnf.fr\/wp-content\/uploads\/2022\/09\/Pluteus-minutissimus-pileipellis-2.jpg\"><img loading=\"lazy\" decoding=\"async\" width=\"1024\" height=\"768\" src=\"https:\/\/www.smnf.fr\/wp-content\/uploads\/2022\/09\/Pluteus-minutissimus-pileipellis-2.jpg\" alt=\"\" class=\"wp-image-3818\" srcset=\"https:\/\/www.smnf.fr\/wp-content\/uploads\/2022\/09\/Pluteus-minutissimus-pileipellis-2.jpg 1024w, https:\/\/www.smnf.fr\/wp-content\/uploads\/2022\/09\/Pluteus-minutissimus-pileipellis-2-300x225.jpg 300w, https:\/\/www.smnf.fr\/wp-content\/uploads\/2022\/09\/Pluteus-minutissimus-pileipellis-2-768x576.jpg 768w, https:\/\/www.smnf.fr\/wp-content\/uploads\/2022\/09\/Pluteus-minutissimus-pileipellis-2-480x360.jpg 480w\" sizes=\"auto, (max-width: 1024px) 100vw, 1024px\" \/><\/a><figcaption><em>Pluteus minutissimus<\/em>&#8211; pil\u00e9ipellis<\/figcaption><\/figure>\n<\/div>\n\n\n<div style=\"height:2px\" aria-hidden=\"true\" class=\"wp-block-spacer\"><\/div>\n<\/div>\n<\/div>\n\n\n\n<div style=\"height:27px\" aria-hidden=\"true\" class=\"wp-block-spacer\"><\/div>\n\n\n\n<p><\/p>\n\n\n\n<p><\/p>\n","protected":false},"excerpt":{"rendered":"<p>Vous y trouverez toutes les r\u00e9coltes des sorties de la SMNF sur l\u2019Atlas Mycologique des Hauts-de-France. Celles r\u00e9alis\u00e9es en Belgique sont pr\u00e9sent\u00e9es sur cette page.Les&#8230;<\/p>\n","protected":false},"author":2,"featured_media":0,"parent":0,"menu_order":0,"comment_status":"closed","ping_status":"closed","template":"","meta":{"footnotes":""},"class_list":["post-3348","page","type-page","status-publish","hentry"],"_links":{"self":[{"href":"https:\/\/www.smnf.fr\/index.php\/wp-json\/wp\/v2\/pages\/3348","targetHints":{"allow":["GET"]}}],"collection":[{"href":"https:\/\/www.smnf.fr\/index.php\/wp-json\/wp\/v2\/pages"}],"about":[{"href":"https:\/\/www.smnf.fr\/index.php\/wp-json\/wp\/v2\/types\/page"}],"author":[{"embeddable":true,"href":"https:\/\/www.smnf.fr\/index.php\/wp-json\/wp\/v2\/users\/2"}],"replies":[{"embeddable":true,"href":"https:\/\/www.smnf.fr\/index.php\/wp-json\/wp\/v2\/comments?post=3348"}],"version-history":[{"count":96,"href":"https:\/\/www.smnf.fr\/index.php\/wp-json\/wp\/v2\/pages\/3348\/revisions"}],"predecessor-version":[{"id":4043,"href":"https:\/\/www.smnf.fr\/index.php\/wp-json\/wp\/v2\/pages\/3348\/revisions\/4043"}],"wp:attachment":[{"href":"https:\/\/www.smnf.fr\/index.php\/wp-json\/wp\/v2\/media?parent=3348"}],"curies":[{"name":"wp","href":"https:\/\/api.w.org\/{rel}","templated":true}]}}