{"id":629,"date":"2020-04-09T18:08:16","date_gmt":"2020-04-09T16:08:16","guid":{"rendered":"http:\/\/www.smnf.fr\/?page_id=629"},"modified":"2020-04-27T16:29:57","modified_gmt":"2020-04-27T14:29:57","slug":"sites-prospectes-du-departement-du-nord","status":"publish","type":"page","link":"https:\/\/www.smnf.fr\/index.php\/sites-prospectes-du-departement-du-nord\/","title":{"rendered":"Sites prospect\u00e9s du d\u00e9partement du Nord"},"content":{"rendered":"\n<div style=\"height:20px\" aria-hidden=\"true\" class=\"wp-block-spacer\"><\/div>\n\n\n\n<p><strong data-rich-text-format-boundary=\"true\"><span style=\"font-size: 14pt; color: #bf1e1e;\">Abscon &#8211; La carri\u00e8re Plombs et des Peupliers<\/span><br><\/strong>Les carri\u00e8res de craie et de marne servaient \u00e0 la production de chaux pour l&rsquo;unit\u00e9 Usinor de Denain. L&rsquo;exploitation de la carri\u00e8re des plombs a d\u00e9but\u00e9 en 1933, celle des peupliers en 1975. La carri\u00e8re des peupliers se situe \u00e0 la sortie d&rsquo;ABSCON en direction de ROEULX au coeur d&rsquo;un parc am\u00e9nag\u00e9 par le conseil g\u00e9n\u00e9ral. La carri\u00e8re des plombs se situe entre Abscon et Escaudain, sur un chemin menant, l\u00e0 encore, \u00e0 un parc am\u00e9nag\u00e9. Traditionnellement c&rsquo;est la carri\u00e8re des Peupliers qui est visit\u00e9e. Elle pr\u00e9sente des lisi\u00e8res bois\u00e9es et des espaces prairiaux ; un chemin de balade d\u2019environ 3 km permet d\u2019acc\u00e9der aux divers biotopes de ce parc.<\/p>\n\n\n\n<p><span style=\"color: #bf1e1e; font-size: 14pt;\"><strong>Auberchicourt &#8211; Le terril Sainte-Marie <span style=\"font-size: 12pt;\">&#8211; <\/span><\/strong><a href=\"http:\/\/www.trameverteetbleue.fr\/sites\/default\/files\/terril_sainte_marie.fiche_agence_de_leau.pdf\" target=\"_blank\" rel=\"noopener noreferrer\"><span style=\"text-decoration: underline;\"><span style=\"font-size: 12pt;\"><span style=\"color: #000000; text-decoration: underline;\">en savoir plus<\/span><\/span><\/span><\/a><\/span><br>Le terril n\u00b0 125, Sainte-Marie Est (69 ha) est un des 339 terrils du bassin minier du Nord-Pas-de-Calais. C&rsquo;est un site prot\u00e9g\u00e9 propri\u00e9t\u00e9 du Conseil G\u00e9n\u00e9ral du Nord, de la commune d&rsquo;Auberchicourt et de la communaut\u00e9 de communes Coeur d&rsquo;Ostrevent. Le substrat, constitu\u00e9 des d\u00e9p\u00f4ts de schistes, gr\u00e8s, r\u00e9sidus charbonneux\u2026 st\u00e9riles accompagnant le charbon extrait de 1863 \u00e0 1960. Le site a \u00e9t\u00e9 requalifi\u00e9 et fait l\u2019objet d\u2019une gestion \u00e9cologique par le Conservatoire des Sites.<\/p>\n\n\n\n<p><span style=\"color: #ffffff;\"><b><span style=\"color: #000000;\"><span style=\"font-size: 14pt; color: #bf1e1e;\">Baives &#8211; Monts de Baives&nbsp; <span style=\"font-size: 12pt;\">(<a href=\"http:\/\/www.reserves-naturelles.org\/monts-de-baives\" target=\"_blank\" rel=\"noopener noreferrer\"><span style=\"text-decoration: underline;\">PNR<\/span><\/a>)<\/span><\/span><br><\/span><\/b><span style=\"color: #000000;\"><a id=\"bonse\"><\/a>La R\u00e9serve naturelle r\u00e9gionale des Monts de Baives a \u00e9t\u00e9 cr\u00e9\u00e9e en 1986 \u00e0 la demande de la commune, du parc et des associations naturalistes r\u00e9gionales. La composition g\u00e9ologie de son substrat (calcaire r\u00e9cifal de l\u2019\u00e8re primaire) et sa position g\u00e9ographique (contrefort des Ardennes \u00e0 influences continentales) permettent l\u2019installation de v\u00e9g\u00e9tations remarquables et uniques dans la r\u00e9gion Nord &#8211; Pas-de-Calais.<\/span><\/span><\/p>\n\n\n\n<p><b><span style=\"font-size: 14pt; color: #bf1e1e;\">Bonsecours &#8211; La for\u00eat de l&rsquo;hermitage<\/span><br><\/b>La <a href=\"http:\/\/www1.onf.fr\/enforet\/bonsecours\" target=\"_blank\" rel=\"noopener noreferrer\"><strong><span style=\"text-decoration: underline;\">for\u00eat de Bonsecours<\/span><\/strong><\/a> est franco-belge ; elle est situ\u00e9e &#8211; c\u00f4t\u00e9 belge &#8211; dans la province du Hainaut sur la commune de Peruwelz et &#8211; c\u00f4t\u00e9 fran\u00e7ais &#8211; sur la commune de Cond\u00e9-sur-l&rsquo;Escaut. C&rsquo;est une relique de for\u00eat ancienne, autrefois priv\u00e9e et devenue <span style=\"color: #000000;\">domaniale<\/span> apr\u00e8s la Premi\u00e8re Guerre mondiale. Ce massif bois\u00e9 de 1200 ha comprend la for\u00eat domaniale de Bonsecours, la for\u00eat de l&rsquo;Hermitage et des parcelles&nbsp; priv\u00e9es ; il h\u00e9berge un grand pavillon de chasse, le ch\u00e2teau de l&rsquo;Hermitage avec un parc pr\u00e9sentant sur son ancienne lisi\u00e8re plusieurs arbres remarquables. <br>Le massif ne comprend pas de r\u00e9serve naturelle, mais est situ\u00e9 dans le territoire d&rsquo;un parc naturel r\u00e9gional, le Parc naturel r\u00e9gional Scarpe-Escaut et Parc naturel des Plaines de l&rsquo;Escaut, l&rsquo;ensemble formant un parc naturel transfrontalier.<\/p>\n\n\n\n<p><span style=\"color: #bf1e1e;\"><strong><span style=\"font-size: 14pt;\">Bousignies-sur-Roc &#8211; Les bois communaux&nbsp; <br><\/span><\/strong><\/span><\/p>\n\n\n\n<p><strong><span style=\"color: #bf1e1e; font-size: 14pt;\"><a id=\"cantin\"><\/a>Bugnicourt &#8211; Bois de la Garenne<br><\/span><\/strong><\/p>\n\n\n\n<p><b><span style=\"font-size: 14pt; color: #bf1e1e;\">Cantin &#8211; Les abords du lac<\/span><br><\/b>Les abords du lac de Cantin ont \u00e9t\u00e9 am\u00e9nag\u00e9s et transform\u00e9s en r\u00e9serve naturelle. <br>Plus de 600 m de sentiers permettent de d\u00e9couvrir ce site depuis 2006 suite au sch\u00e9ma de gestion adopt\u00e9 par la Communaut\u00e9 d&rsquo;agglom\u00e9ration du Douaisis (CAD).&nbsp; Cette r\u00e9serve est uniquement accessible lors de rendez-vous nature organis\u00e9s par le CAD.<\/p>\n\n\n\n<p><strong><span style=\"color: #bf1e1e; font-size: 14pt;\"><a id=\"villette\"><\/a>Clairfayts (Avesnois) &#8211; Bois de la Franoye&nbsp; <br><\/span><\/strong><\/p>\n\n\n\n<p><strong><span style=\"color: #bf1e1e; font-size: 14pt;\">Eppe Sauvage (Avesnois) &#8211; Bois communal<\/span><\/strong><\/p>\n\n\n\n<p><strong><span style=\"color: #bf1e1e; font-size: 14pt;\">Felleries &#8211; Bois de la petite Villette <br><\/span><\/strong><span style=\"color: #bf1e1e; font-size: 14pt;\"><span style=\"color: #000000; font-size: 12pt;\">La for\u00eat departementale du Bois De La Petite Villette est une f\u00f4ret publique pr\u00e9sent sur le territoire de la commune de Felleries au coeur de l&rsquo;Avesnois er rel\u00e8ve du r\u00e9gime forestier fran\u00e7ais.<\/span><\/span> <span style=\"color: #bf1e1e; font-size: 14pt;\"><span style=\"color: #000000; font-size: 12pt;\">Le centre approximatif de la for\u00eat a pour coordonn\u00e9es g\u00e9ographiques en d\u00e9cimales : 50.1334\u00b0 de latitude et 4.02768\u00b0 de longitude (50\u00b0 8&prime; 0\u00a0\u00bb Nord, 4\u00b0 1&prime; 40\u00a0\u00bb Est).<\/span><\/span><strong><span style=\"color: #bf1e1e; font-size: 14pt;\"><br><\/span><\/strong><\/p>\n\n\n\n<p><strong><span style=\"color: #bf1e1e; font-size: 14pt;\"> Flaumont-Waudrechie &#8211; Camp C\u00e9sar <br><\/span><\/strong><span style=\"color: #bf1e1e; font-size: 14pt;\"><span style=\"color: #000000; font-size: 12pt;\">Sur le sommet d&rsquo;une colline au Sud-Ouest du village, au-del\u00e0 de l&rsquo;Helpe Majeure, on voit, bien conserv\u00e9, sur un terrain dont une grande partie est encore en friche, l&#8217;emplacement d&rsquo;un camp romain \u00e9tabli d&rsquo;apr\u00e8s toutes les r\u00e8gles de la castram\u00e9tation de cette \u00e9poque, et qui est toujours d\u00e9sign\u00e9 sous le nom de Catelet, Camp de C\u00e9sar. Des parapets de deux m\u00e8tres, au moins, de hauteur \u00e0 l&rsquo;int\u00e9rieur, \u00e9tablis sur le pourtour du plateau, circonscrivaient une enceinte fortifi\u00e9e, en forme de trap\u00e8ze, d&rsquo;une surface d&rsquo;environ 15 <a id=\"flines\"><\/a>hectares, divis\u00e9e en deux parties in\u00e9gales, par une lev\u00e9e de terre int\u00e9rieure, et la d\u00e9fendaient par un talus de 25 m\u00e8tres, tr\u00e8s-escarp\u00e9 et m\u00eame perpendiculaire sur certains points. <\/span><\/span><strong><span style=\"color: #bf1e1e; font-size: 14pt;\"><br><\/span><\/strong><\/p>\n\n\n\n<p><span style=\"font-size: 14pt;\"><strong><span style=\"color: #bf1e1e;\">Flines-les-Mortagne &#8211; For\u00eat domaniale de Flines <br><\/span><\/strong><\/span>Les 240 ha de for\u00eat s&rsquo;\u00e9tendent sur la partie nord-est du territoire de la commune de <span style=\"color: #000000;\">Flines-l\u00e8s-Mortagne<\/span>, le long de la fronti\u00e8re belge, dans l&rsquo;arrondissement de Valenciennes (Canton de Saint-Amand-les-Eaux-Rive droite) entre la Scarpe canalis\u00e9e et la rive droite de l&rsquo;Escaut canalis\u00e9. C\u2019est une <i>for\u00eat de plaine<\/i> et l&rsquo;un des grands \u00e9l\u00e9ments naturels du vaste ensemble \u00e9cologique de la plaine alluviale de l\u2019Escaut. Elle est caract\u00e9ris\u00e9e par un tr\u00e8s l\u00e9ger relief (altitude variant de 23 \u00e0 40&nbsp;<abbr class=\"abbr\" title=\"m\u00e8tre\">m<\/abbr> par rapport au niveau moyen de la mer) qui explique les nuances paysag\u00e8res et floristiques de cette zone. <br>L&rsquo;assise du massif forestier est constitu\u00e9e d&rsquo;un sable acide et localement ferrugineux (dit sable du Land\u00e9nien) avec une couche argileuse affleurante (vers l\u2019<i>Hermitage<\/i>). Les 200 hectares du massif relictuel sont peut-\u00eatre une relique de la for\u00eat ancienne, les boisements de cette zone sont longtemps rest\u00e9s tr\u00e8s mar\u00e9cageux et probablement pour cette raison localement \u00e9pargn\u00e9s, et tr\u00e8s riche en biodiversit\u00e9 (les zones humides abritent environ 50&nbsp;% de la richesse floristique r\u00e9gionale, en nombre d&rsquo;esp\u00e8ces). Un l\u00e9ger <a id=\"ghy\"><\/a>relief a maintenu une partie de la for\u00eat au-dessus du niveau alluvial (lit majeur inondable) et \u00e9tait peu humide, plus facilement exploit\u00e9e. Le h\u00eatre y pousse en effet de mani\u00e8re optimale que sur les parties hors d&rsquo;eau, mais fraiches gr\u00e2ce \u00e0 la nappe sous-jacente, ou dans les zones qui ont \u00e9t\u00e9 drain\u00e9es par un r\u00e9seau de foss\u00e9s.<\/p>\n\n\n\n<p><span style=\"color: #bf1e1e;\"><strong><span style=\"font-size: 14pt;\">Ghyvelde &#8211; Dune fossile&nbsp; <\/span><\/strong><a href=\"http:\/\/www.conservatoire-du-littoral.fr\/siteLittoral\/213\/28-dune-fossile-59_nord.htm\" target=\"_blank\" rel=\"noopener noreferrer\"><span style=\"text-decoration: underline;\"><span style=\"font-size: 14pt; color: #000000; text-decoration: underline;\"><span style=\"font-size: 12pt;\">Conservatoire du litoral<\/span><\/span><\/span><\/a><\/span><b><br><\/b>Situ\u00e9e \u00e0 l&rsquo;est de Dunkerque, pr\u00e8s de la fronti\u00e8re belge, la dune fossile de Ghyvelde (112 ha) est propri\u00e9t\u00e9 du Conservatoire de l&rsquo;espace littoral et des rivages lacustres. A 3 km du bord de mer, cette dune, parfois appel\u00e9e dune aux pins, parall\u00e8le \u00e0 la c\u00f4te, prot\u00e9g\u00e9e des vents par la dune Marchand et les dunes du Perroquet, n\u2019est plus aliment\u00e9e en sable et ne re\u00e7oit plus de calcaire (coquilles) depuis plus de 5000 ans. Cet ancien rivage de la mer du Nord, d\u00e9calcifi\u00e9, acidifi\u00e9 et extr\u00eamement pauvre en \u00e9l\u00e9ments biog\u00e8nes h\u00e9berge de nombreuses esp\u00e8ces peu courantes.&nbsp;<\/p>\n\n\n\n<p><b><span style=\"color: #bf1e1e; font-size: 14pt;\">Grande-Synthe &#8211; Puytouck et Grand Pr\u00e9dembourg <\/span><a href=\"http:\/\/www.reserves-naturelles.org\/grande-synthe\" target=\"_blank\" rel=\"noopener noreferrer\"><span style=\"text-decoration: underline;\">[RNF]<\/span><\/a><br><\/b>Le Puythouck est un espace de loisirs et de nature de 130 hectares cr\u00e9\u00e9 par la ville de Grande-Synthe dans les ann\u00e9es 1970, autour du lac artificiel du Puythouck. Les berges du lac, les buttes de sable issues de la construction de l\u2019A16 et diverses parcelles p\u00e9dagogiques sont actuellement le si\u00e8ge d\u2019une certaine biodiversit\u00e9.<br>Le Grand-Pr\u00e9dembourg est un ensemble paysager de 80 ha, cr\u00e9\u00e9 en 2003, comme protection paysag\u00e8re entre la ville de Grande-Synthe et sa zone industrielle. Pr\u00e8s de 200 000 arbres et arbustes ont \u00e9t\u00e9 plant\u00e9s&nbsp;; ces il\u00f4ts de boisements alternent avec des zones prairiales et des zones humides.<\/p>\n\n\n\n<p><b><span style=\"color: #bf1e1e; font-size: 14pt;\">Gussignies &#8211; Bois d&rsquo;Encade et Caillou qui bique (Roisin &#8211; Belgique)<\/span><br><\/b>Le site du Caillou-qui-bique est un lieu-dit situ\u00e9 \u00e0 la fronti\u00e8re franco-belge entre Roisin (c\u00f4t\u00e9 belge) et Eth (c\u00f4t\u00e9 fran\u00e7ais), il longe une petite rivi\u00e8re, la Grande-Honnelle&nbsp;; dans cette zone bois\u00e9e affleure un rocher de 25 m de hauteur, \u00e2g\u00e9 de 370 millions d\u2019ann\u00e9es (poudingue tr\u00e8s dur, dont la couleur rouge est due \u00e0 la pr\u00e9sence d\u2019oxydes ferriques).<br>Le <a href=\"http:\/\/www.reserves-naturelles.org\/bois-d-encade\" target=\"_blank\" rel=\"noopener noreferrer\"><span style=\"text-decoration: underline;\"><strong>bois d&rsquo;Encade<\/strong><\/span><\/a>, situ\u00e9 dans la vall\u00e9e de l&rsquo;Hogneau, est un \u00eelot de biodiversit\u00e9 et un site strat\u00e9gique dans la reconstitution de corridors biologiques. Les milieux bois\u00e9s (boisements naturels et anciens taillis) sont principalement expos\u00e9s sur les versants abrupts. \u00c0 la suite de l&rsquo;exploitation <a id=\"halluin\"><\/a>de peupliers en 2001, une vaste clairi\u00e8re ensoleill\u00e9e s&rsquo;est constitu\u00e9e aux abords des ruines de l&rsquo;ancienne marbrerie. Cette derni\u00e8re ainsi que les nombreuses petites carri\u00e8res cr\u00e9ent un ensemble de faces rocheuses colonis\u00e9es par une v\u00e9g\u00e9tation caract\u00e9ristique. Le cours de l&rsquo;Hogneau et ses berges bois\u00e9es contribuent \u00e0 la diversit\u00e9 remarquable des habitats du site.<\/p>\n\n\n\n<p><strong><span style=\"color: #bf1e1e; font-size: 14pt;\">Halluin &#8211; Parc de l&rsquo;arboretum du Manoir des loups <br><\/span><\/strong><span style=\"color: #bf1e1e; font-size: 14pt;\"><span style=\"font-size: 12pt; color: #000000;\">Au sommet du Mont d&rsquo;Halluin, \u00e0 15 min au nord de Lille, se trouve un manoir, ancienne louveterie construit dans le style flamand du XVII\u00e8me si\u00e8cle. En 1950, la famille Carissimo devient propri\u00e9taire du domaine, et donne au manoir son nom actuel : le &lsquo;Manoir aux Loups&rsquo;. Un an plus tard, Jean Carissimo, grand voyageur et botaniste amateur passionn\u00e9, y plante le premier arbre: un M\u00e9tas\u00e9quo\u00efa, conif\u00e8re rare pour l&rsquo;\u00e9poque. Les ann\u00e9es suivantes veront se multiplier le nombre de nouvelles plantations d&rsquo;arbres. <a id=\"dewulf\"><\/a>Le Parc Arboretum r\u00e9unit aujourd&rsquo;hui une collection compl\u00e8te de conif\u00e8res (300 vari\u00e9t\u00e9s et cultivars) et de feuillus (70) et offrent \u00e0 ses visiteurs une promenade des plus agr\u00e9ables au c\u0153ur de la Nature.<\/span><\/span><strong><span style=\"color: #bf1e1e; font-size: 14pt;\"><br><\/span><\/strong><\/p>\n\n\n\n<p><strong><span style=\"color: #bf1e1e; font-size: 14pt;\">Hordain &#8211; Bords du Canal de la Sens\u00e9e<\/span><\/strong><\/p>\n\n\n\n<p><b><span style=\"color: #bf1e1e; font-size: 14pt;\">Leffrinckoucke &#8211; la dune Dew\u00fclf <\/span><br><\/b><a href=\"http:\/\/www.conservatoire-du-littoral.fr\/siteLittoral\/188\/28-dune-dewulf-59_nord.htm\" target=\"_blank\" rel=\"noopener noreferrer\"><span style=\"text-decoration: underline;\"><strong>La dune Dew\u00fclf<\/strong><\/span><\/a> appartient au massif dunaire de Leffrinckoucke (83 ha) class\u00e9 R\u00e9serve Naturelle depuis 1974. Un circuit de 6 km permet d\u2019en d\u00e9couvrir la biodiversit\u00e9 et de discerner les diff\u00e9rents types de dunes, depuis la dune embryonnaire jusqu\u2019\u00e0 la dune bois\u00e9e.<\/p>\n\n\n\n<p><span style=\"font-size: 14pt;\"><strong><span style=\"color: #bf1e1e;\">Liessies &#8211; For\u00eat de Liessies<\/span><\/strong><\/span><\/p>\n\n\n\n<p><span style=\"font-size: 14pt;\"><strong><span style=\"color: #bf1e1e;\">Liessies &#8211; Parc d\u00e9partemental de l&rsquo;Abbaye<br><\/span><\/strong><span style=\"color: #bf1e1e;\"><span style=\"color: #000000; font-size: 12pt;\">Le <a href=\"http:\/\/www.tourisme-avesnois.com\/voir-faire\/sites-visiter\/482056-parc-de-labbaye-de-liessies\" target=\"_blank\" rel=\"noopener noreferrer\"><span style=\"text-decoration: underline;\">Parc d\u00e9partemental<\/span><\/a> occupe sur 48 ha le site de l\u2019ancienne abbaye de Liessies, qui avait \u00e9t\u00e9 fond\u00e9e en 764. Cr\u00e9\u00e9 \u00e0 partir de la fin du XVII\u00b0si\u00e8cle sous l\u2019abbatial de Laurent Bouillon, le Parc de l\u2019abbaye \u00e9tait un lieu de d\u00e9tente et de m\u00e9ditation. Il reste aujourd\u2019hui un lieu de promenade tr\u00e8s <a id=\"marchi\"><\/a>agr\u00e9able par un sentier de 3,5 km riche en esp\u00e8ces fongiques. <\/span><\/span><strong><span style=\"color: #bf1e1e;\"><br><\/span><\/strong><\/span><\/p>\n\n\n\n<p><span style=\"font-size: 14pt;\"><strong><span style=\"color: #bf1e1e;\">Liessies &#8211; Parc de l&rsquo;H\u00f4pital d\u00e9partemental<\/span><\/strong><\/span><\/p>\n\n\n\n<p><b><span style=\"font-size: 14pt; color: #bf1e1e;\">Marchiennes &#8211; For\u00eat domaniale [<a href=\"http:\/\/www1.onf.fr\/enforet\/marchiennes\/explorer\/decouverte\/20130828-133101-774969\/@@index.html\" target=\"_blank\" rel=\"noopener noreferrer\"><span style=\"text-decoration: underline;\">ONF<\/span><\/a>]<\/span><br><\/b>La for\u00eat domaniale de Marchiennes (800 ha) se situe sur le territoire de quatre communes : Marchiennes, Beuvry-la-For\u00eat, Tilloy-lez-Marchiennes, <a id=\"mormal\"><\/a>Bouvignies. Elle est constitu\u00e9e de ch\u00eanes p\u00e9doncul\u00e9s, charmes, \u00e9rables\u2026, parsem\u00e9s de quelques plantations de conif\u00e8res (pins sylvestres principalement).<\/p>\n\n\n\n<p><span style=\"color: #000000; font-size: 12pt;\"><span style=\"font-size: 14pt; color: #bf1e1e;\"><strong>Mormal &#8211; For\u00eat domaniale<\/strong><\/span> <a href=\"http:\/\/www1.onf.fr\/enforet\/mormal\/explorer\/decouverte\/20130828-133101-774969\/@@index.html\" target=\"_blank\" rel=\"noopener noreferrer\"><strong><span style=\"text-decoration: underline;\">[ONF]<\/span><\/strong><\/a><br>La for\u00eat domaniale de Mormal est le plus grand massif forestier du <a style=\"color: #000000;\" title=\"D\u00e9partement du Nord\" href=\"http:\/\/fr.wikipedia.org\/wiki\/D\u00e9partement_du_Nord\"> d\u00e9partement du Nord<\/a> et de la r\u00e9gion <a style=\"color: #000000;\" title=\"Nord-Pas-de-Calais\" href=\"http:\/\/fr.wikipedia.org\/wiki\/Nord-Pas-de-Calais\"> Nord-Pas-de-Calais<\/a> (9 136 ha). <br>Cette for\u00eat publique est g\u00e9r\u00e9e par l\u2019<a style=\"color: #000000;\" title=\"Office national des for\u00eats\" href=\"http:\/\/fr.wikipedia.org\/wiki\/Office_national_des_for\u00eats\">Office national des for\u00eats<\/a> (ONF) sous le contr\u00f4le du minist\u00e8re de l&rsquo;agriculture. <br>Presque enti\u00e8rement d\u00e9truite lors de la <a style=\"color: #000000;\" title=\"Premi\u00e8re Guerre mondiale\" href=\"http:\/\/fr.wikipedia.org\/wiki\/Premi\u00e8re_Guerre_mondiale\"> Premi\u00e8re Guerre mondiale<\/a> (confection de manches de fusils), elle h\u00e9berge tr\u00e8s peu d&rsquo;arbres tr\u00e8s <a id=\"nieppe\"><\/a>anciens ; elle est principalement constitu\u00e9e de futaies de ch\u00eanes p\u00e9doncul\u00e9s (80-90 ans), h\u00eatres, charmes, fr\u00eanes&#8230; et h\u00e9berge un arboretum pr\u00e8s de l&rsquo;\u00e9tang David. La SMNF organise des sorties r\u00e9guli\u00e8res dans les diverses localit\u00e9s de cette for\u00eat.<\/span><\/p>\n\n\n\n<p><span style=\"font-size: 14pt; color: #bf1e1e;\"><strong>Nieppe &#8211; For\u00eat domaniale<br><\/strong><span style=\"font-size: 12pt; color: #000000;\">La For\u00eat domaniale de Nieppe (2602 ha) est le plus grand massif forestier de la Flandre fran\u00e7aise. <span class=\"color_35\">Elle s\u2019\u00e9tend dans la plaine de la Lys sur des terrains argileux, son altitude varie entre 15 et 19 m\u00e8tres. Ce<\/span> substrat riche en argile imperm\u00e9able est \u00e0 l\u2019origine des nombreuses petites mares intra-foresti\u00e8res. Depuis les ann\u00e9es 1970, des foss\u00e9s facilitent le drainage.&nbsp; l&rsquo;ONF y entretient des futaies et taillis sous futaies o\u00f9 l<\/span><\/span><span class=\"color_35\">e ch\u00eane p\u00e9doncul\u00e9 est l\u2019essence dominante. Viennent ensuite le fr\u00eane, le merisier et le peuplier. Dans le Bois <a id=\"pomme\"><\/a>Domanial des Huit Rues, situ\u00e9 sur une butte, \u00e0 67 m\u00e8tres d\u2019altitude, sont \u00e9galement pr\u00e9sents le h\u00eatre et le ch\u00e2taignier.<\/span><\/p>\n\n\n\n<p><span style=\"font-size: 14pt;\"><strong><span style=\"color: #bf1e1e;\">Ohain &#8211; Bois de Glageon et bois communaux<\/span><\/strong><\/span><\/p>\n\n\n\n<p><span style=\"font-size: 14pt;\"><strong><span style=\"color: #bf1e1e;\">Pommereuil &#8211; For\u00eat domaniale de Bois l&rsquo;\u00c9v\u00e8que <br><\/span><\/strong><\/span>La for\u00eat domaniale de Bois-l&rsquo;\u00c9v\u00eaque, encore appel\u00e9e Bois du Pommereuil (730 ha), est situ\u00e9e sur la commune d&rsquo;Ors entre Pommereuil et Fontaine-au-Bois. Les peuplements forestiers sont surtout constitu\u00e9s de ch\u00eanes p\u00e9doncul\u00e9s, charmes, merisiers, fr\u00eanes\u2026 et diverses essences classiques des sols riches. Un tiers de cette for\u00eat a \u00e9t\u00e9 d\u00e9truit par la tornade du 24 juin 1967 et les zones d\u00e9vast\u00e9es r\u00e9implant\u00e9es d\u2019\u00e9pic\u00e9as de Sitka.<\/p>\n\n\n\n<p><span style=\"font-size: 14pt;\"><strong><span style=\"color: #bf1e1e;\">Provilles &#8211; Bois Chenu <br><\/span><\/strong><\/span>Le site qui s\u2019\u00e9tend sur environ 60 ha est compos\u00e9, dans sa partie nord, d\u2019un ensemble de prairies humides typique des bocages, et, dans sa partie sud, du Bois Chenu, boisement alluvial, un milieu rare et remarquable dans le Nord Pas-de-Calais, qui procure au site une forte originalit\u00e9. Cette zone humide alluviale, l\u2019une des derni\u00e8res fonctionnelles du Cambr\u00e9sis, joue un <a id=\"amand\"><\/a>r\u00f4le indispensable dans le contr\u00f4le des crues, le maintien de la qualit\u00e9 de l\u2019eau, la r\u00e9duction de la pollution et le d\u00e9veloppement de la biodiversit\u00e9.<\/p>\n\n\n\n<p><span style=\"font-size: 14pt;\"><strong><span style=\"color: #bf1e1e;\">Bois de&nbsp;communal &#8211; Rainsars<\/span><\/strong><\/span><\/p>\n\n\n\n<p><span style=\"font-size: 14pt;\"><span style=\"font-size: 12pt; color: #000000;\"><span style=\"font-size: 14pt; color: #bf1e1e;\"><strong>For\u00eat domaniale de Raismes &#8211; Saint-Amand &#8211; Wallers<\/strong><\/span><br>Avec 4600 ha, la <a href=\"http:\/\/www.pnr-scarpe-escaut.fr\/contenu-standard\/la-foret-de-raismes-saint-amand-wallers\" target=\"_blank\" rel=\"noopener noreferrer\"><span style=\"text-decoration: underline;\">for\u00eat domaniale de Raismes-Saint-Amand-Wallers<\/span><\/a> (reste de l\u2019antique \u00ab for\u00eat de Vicoigne \u00bb) est le second massif forestier de la r\u00e9gion Nord-Pas-de-Calais. Depuis 1967 elle fait partie du Parc naturel r\u00e9gional Scarpe-Escaut. Parmi ses sites les plus remarquables on peut citer : <a href=\"http:\/\/www.pnr-scarpe-escaut.fr\/contenu-standard\/reserve-biologique-dirigee-de-la-mare-goriaux-raismes-wallers\" target=\"_blank\" rel=\"noopener noreferrer\"><span style=\"text-decoration: underline;\">la mare \u00e0 Goriaux<\/span><\/a> (r\u00e9serve ornithologique), <a href=\"http:\/\/www.pnr-scarpe-escaut.fr\/contenu-standard\/terril-sabatier-raismes\" target=\"_blank\" rel=\"noopener noreferrer\"><span style=\"text-decoration: underline;\">le terril Sabatier<\/span><\/a>, le <a href=\"http:\/\/www.pnr-scarpe-escaut.fr\/contenu-standard\/les-landes-de-la-foret-de-raismes-saint-amand-wallers\" target=\"_blank\" rel=\"noopener noreferrer\"><span style=\"text-decoration: underline;\">Mont des Bruy\u00e8res<\/span><\/a>, <a id=\"rieu\"><\/a>le centre d\u2019Amaury, la Maison de la for\u00eat, l\u2019all\u00e9e des h\u00eatres, la <a href=\"http:\/\/www.pnr-scarpe-escaut.fr\/contenu-standard\/les-landes-de-la-foret-de-raismes-saint-amand-wallers\" target=\"_blank\" rel=\"noopener noreferrer\"><span style=\"text-decoration: underline;\">Sabli\u00e8re du Li\u00e8vre<\/span><\/a> et la Trou\u00e9e d&rsquo;Arenberg, dont le secteur pav\u00e9 est emprunt\u00e9 par le Paris-Roubaix. <br>C\u2019est dans cette for\u00eat que la SMNF effectue le plus de sorties r\u00e9guli\u00e8res.<\/span><strong><span style=\"color: #bf1e1e;\"><br><\/span><\/strong><\/span><\/p>\n\n\n\n<p><span style=\"font-size: 14pt; color: #bf1e1e;\"><strong>Rieulay &#8211; Le terril de Rieulay<br \/><\/strong><span style=\"font-size: 12pt;\"><span style=\"color: #000000;\">Le Terril des Argales (Rieulay-Pecquencourt) est un site embl\u00e9matique du Bassin Minier d&rsquo;une part par sa taille (le plus vaste terril de la R\u00e9gion) et d&rsquo;autres part par les op\u00e9rations de requalification et de renaturation qui y ont \u00e9t\u00e9 r\u00e9alis\u00e9es.\u00a0<\/span><span style=\"color: #000000;\">Le terril forme, avec le site d\u00e9partemental des Fiantons, <a id=\"abbe\"><\/a>un vaste espace de nature pr\u00e9serv\u00e9e et constitue l&rsquo;un des trois terrils d&rsquo;une valeur \u00e9cologique remarquable du territoire. (Source CPIE Cha\u00eene des Terrils)<\/span><\/span><strong><br \/><\/strong><\/span><\/p>\n\n\n\n<p><strong><span style=\"font-size: 14pt; color: #bf1e1e;\">Roost-Warendin &#8211; Terrils de l&rsquo;Escarpelle et des P\u00e2turelles<\/span><\/strong><\/p>\n\n\n\n<p><span style=\"font-size: 14pt; color: #bf1e1e;\"><strong>Sains-du-Nord &#8211; For\u00eat domaniale de Bois l&rsquo;Abb\u00e9 &#8211; Val Joly<br><\/strong><span style=\"font-size: 12pt; color: #000000;\">Le p\u00e9rim\u00e8tre de premi\u00e8re g\u00e9n\u00e9ration correspondait \u00e0 l&rsquo;ancienne for\u00eat domaniale de Bois-l&rsquo;Abb\u00e9, aujourd&rsquo;hui associ\u00e9e \u00e0 l&rsquo;ancienne for\u00eat domaniale du Val-Joly pour former la for\u00eat domaniale de l&rsquo;Abb\u00e9-Val-Joly. Elle forme un massif forestier d&rsquo;un int\u00e9r\u00eat patrimonial exceptionnel, tant par sa surface (plus de 11 000 ha au total) que par son calme (cette ZNIEFF n&rsquo;est travers\u00e9e que par une route \u00e0 grande circulation) ou par sa diversit\u00e9 g\u00e9omorphologique (complexe de plateaux, hauts de versants, bas de versants, plans d&rsquo;eau, fonds de vallons avec nombreux ruisseaux comme le Rieu Trouble, le ruisseau du Corbion&#8230;) et \u00e9daphique (schistes calcarif\u00e8res et gr\u00e8s du fam\u00e9nien, ar\u00e8nes, limons plus ou moins \u00e9pais, zones de suintements).<\/span><strong><br><\/strong><\/span><\/p>\n\n\n\n<p><span style=\"font-size: 14pt; color: #bf1e1e;\"><strong>Santes\u00a0 &#8211; \u00ab\u00a0La G\u00eete\u00a0\u00bb (ancien bassin de d\u00e9cantation) <br \/><\/strong><\/span>La G\u00eete (40 hectares) correspond \u00e0 l\u2019ancien bassin de d\u00e9p\u00f4t des boues de curage, d\u00e9vers\u00e9es entre 1968 et 1977 lors de la mise au grand gabarit de la De\u00fble entre Bauvin et Lille. Les boues \u00e9taient d\u00e9vers\u00e9es \u00e0 l\u2019aide de pompes, les \u00e9l\u00e9ments ayant une forte densit\u00e9 se d\u00e9posant au plus pr\u00e8s de la conduite, ceux ayant une faible densit\u00e9 plus loin\u00a0; c\u2019est ce ph\u00e9nom\u00e8ne qui est \u00e0 l\u2019origine d\u2019une v\u00e9ritable mosa\u00efque de biotopes. Initialement utilis\u00e9 comme d\u00e9charge sauvage et d\u00e9p\u00f4ts de pneus, c\u2019est gr\u00e2ce \u00e0 l\u2019association Santes-Nature que ce site a \u00e9t\u00e9 transform\u00e9 et actuellement devenu r\u00e9serve naturaliste et parc p\u00e9riurbain dans une r\u00e9gion fortement urbanis\u00e9e et pauvre en espaces verts.<span style=\"font-size: 14pt; color: #bf1e1e;\"><strong>\u00a0<\/strong><\/span><\/p>\n\n\n\n<p><span style=\"font-size: 14pt; color: #bf1e1e;\"><strong>Tr\u00e9lon &#8211; For\u00eat d\u00e9partementale de Tr\u00e9lon<\/strong><\/span><br>Avec ses 3 000 hectares, la for\u00eat de Tr\u00e9lon est en partie priv\u00e9e et en partie publique. La partie publique (for\u00eat&nbsp; domaniale) est g\u00e9r\u00e9e par l\u2019ONF sous le contr\u00f4le du minist\u00e8re de l&rsquo;Agriculture. Le massif est globalement situ\u00e9 sur les limites du massif ardennais, pr\u00e8s d&rsquo;Anor, au nord de la commune de Tr\u00e9lon, pr\u00e8s de la fronti\u00e8re belge et \u00e0 l&rsquo;Est d&rsquo;Avesnes-sur-Helpe. La ZNIEFF correspondant au massif s&rsquo;\u00e9tend au nord jusqu&rsquo;au lac du Val Joly. Elle est principalement constitu\u00e9e de futaies de ch\u00eanes p\u00e9doncul\u00e9s, h\u00eatres, charmes, fr\u00eanes\u2026 Les arbres les plus anciens ont 80-90 ans (cons\u00e9quences de la guerre 14-18). <\/p>\n\n\n\n<p><strong><span style=\"font-size: 14pt; color: #bf1e1e;\">Thumeries &#8211; Bois des 5 tailles <\/span><br><\/strong><\/p>\n\n\n\n<p><span style=\"font-size: 14pt;\"><strong><span style=\"color: #bf1e1e;\"> Willies &#8211; <\/span><span style=\"color: #ffffff;\"><span style=\"color: #bf1e1e;\">Les Grandes P\u00e2tures&nbsp;<\/span> <\/span><\/strong><\/span><\/p>\n\n\n\n<p><\/p>\n","protected":false},"excerpt":{"rendered":"<p>Abscon &#8211; La carri\u00e8re Plombs et des PeupliersLes carri\u00e8res de craie et de marne servaient \u00e0 la production de chaux pour l&rsquo;unit\u00e9 Usinor de Denain&#8230;.<\/p>\n","protected":false},"author":2,"featured_media":0,"parent":0,"menu_order":0,"comment_status":"closed","ping_status":"closed","template":"","meta":{"footnotes":""},"class_list":["post-629","page","type-page","status-publish","hentry"],"_links":{"self":[{"href":"https:\/\/www.smnf.fr\/index.php\/wp-json\/wp\/v2\/pages\/629","targetHints":{"allow":["GET"]}}],"collection":[{"href":"https:\/\/www.smnf.fr\/index.php\/wp-json\/wp\/v2\/pages"}],"about":[{"href":"https:\/\/www.smnf.fr\/index.php\/wp-json\/wp\/v2\/types\/page"}],"author":[{"embeddable":true,"href":"https:\/\/www.smnf.fr\/index.php\/wp-json\/wp\/v2\/users\/2"}],"replies":[{"embeddable":true,"href":"https:\/\/www.smnf.fr\/index.php\/wp-json\/wp\/v2\/comments?post=629"}],"version-history":[{"count":27,"href":"https:\/\/www.smnf.fr\/index.php\/wp-json\/wp\/v2\/pages\/629\/revisions"}],"predecessor-version":[{"id":912,"href":"https:\/\/www.smnf.fr\/index.php\/wp-json\/wp\/v2\/pages\/629\/revisions\/912"}],"wp:attachment":[{"href":"https:\/\/www.smnf.fr\/index.php\/wp-json\/wp\/v2\/media?parent=629"}],"curies":[{"name":"wp","href":"https:\/\/api.w.org\/{rel}","templated":true}]}}